{"id":8186,"date":"2024-11-11T13:41:15","date_gmt":"2024-11-11T12:41:15","guid":{"rendered":"https:\/\/www.gfaimmobiliare.it\/?page_id=8186"},"modified":"2024-11-11T14:58:23","modified_gmt":"2024-11-11T13:58:23","slug":"villa-oliveto-marciaga","status":"publish","type":"page","link":"https:\/\/www.gfaimmobiliare.it\/de\/villa-oliveto-marciaga\/","title":{"rendered":"Villa Oliveto &#8211; Marciaga"},"content":{"rendered":"<div class=\"wpb-content-wrapper\"><p>[vc_row][vc_column][vc_single_image image=&#8221;8150&#8243; img_size=&#8221;full&#8221; alignment=&#8221;center&#8221; css=&#8221;&#8221;][\/vc_column][\/vc_row][vc_row content_placement=&#8221;top&#8221;][vc_column]<div class=\"mgt-header-block clearfix text-left text-black wpb_animate_when_almost_visible wpb_top-to-bottom wpb_content_element  mgt-header-block-style-2 mgt-header-texttransform-both \"><p class=\"mgt-header-block-subtitle\">Localit\u00e0 Marciaga - Costermano sul Garda (VR)<\/p><h2 class=\"mgt-header-block-title\">Villa Oliveto<\/h2><div class=\"mgt-header-line\"><\/div><\/div>[\/vc_column][vc_column width=&#8221;1\/2&#8243;][vc_column_text css=&#8221;&#8221;]Villa Oliveto ist ein <strong>exklusives Immobilienprojekt<\/strong> am veronesischen Ufer des <strong>Gardasees<\/strong>, auf der h\u00fcgeligen Nordostseite der Gemeinde <strong>Costermano sul Lago di Garda<\/strong>, in der Ortschaft Marciaga, in einer Umgebung von <strong>gro\u00dfem naturalistischem Wert<\/strong> und, dank des vom Gardabecken geschaffenen Mikroklimas, in ein <strong>mildes Klima auch im Winter<\/strong> getaucht.<\/p>\n<p>Die Villa Oliveto wird auf einem <strong>Grundst\u00fcck von ca. 1200 Quadratmetern in einem Wohngebiet von gro\u00dfem Wert<\/strong> mit Blick auf den <strong>Gardasee<\/strong> und einer eindrucksvollen Aussicht auf den See und die Rocca di Garda gebaut.<\/p>\n<p>V\u00f6llig <strong>unabh\u00e4ngig und ausgestattet mit einem Swimmingpool und einem privaten Garten, einer gro\u00dfen Garage und Nebenr\u00e4umen<\/strong>, wird sie in der <strong>Energieklasse A+ und mit einer erdbebensicheren Struktur<\/strong> gebaut und interpretiert <strong>die modernste Logik der Energieeffizienz, der Reduzierung der Umweltbelastung, des Komforts und der Nutzungsqualit\u00e4t der Umwelt<\/strong> f\u00fcr die Menschen, die darin leben.[\/vc_column_text][\/vc_column][vc_column width=&#8221;1\/2&#8243;][vc_column_text css=&#8221;&#8221;]Die Innenr\u00e4ume genie\u00dfen <strong>viel Licht dank der gro\u00dfen Fenster<\/strong>, die interne Verteilung umfasst <strong>im Erdgeschoss einen gro\u00dfen Wohnbereich mit Blick auf den See und auf den privaten Swimmingpool, eine bewohnbare K\u00fcche, die an eine exklusive und gro\u00dfz\u00fcgige Terrasse grenzt<\/strong>.<\/p>\n<p>Der <strong>Schlafbereich im ersten Stock<\/strong> beherbergt <strong>drei Doppelschlafzimmer-Suiten<\/strong>, alle mit eigenem Bad und Balkon.<br \/>\nEine gro\u00dfe Doppelgarage, ein <strong>Zusatzbereich f\u00fcr ein Fitnessstudio oder Wellness<\/strong> und Technikr\u00e4ume der neuesten Generation runden das Angebot ab.<\/p>\n<p><strong>Villa Oliveto ist eine ideale Investition<\/strong>, sowohl f\u00fcr diejenigen, die eine <strong>Erstwohnung<\/strong> suchen, als auch f\u00fcr diejenigen, die sich ein erstklassiges <strong>Ferienhaus&#8221;<\/strong> g\u00f6nnen wollen, das die M\u00f6glichkeit bietet, wirklich exklusive Emotionen zu erleben.[\/vc_column_text][\/vc_column][\/vc_row][vc_row css=&#8221;.vc_custom_1731331188839{margin-top: 30px !important;}&#8221;][vc_column]<div class=\"mgt-header-block clearfix text-left text-black wpb_content_element  mgt-header-block-style-2 mgt-header-texttransform-header \"><h2 class=\"mgt-header-block-title\">Grundrisse<\/h2><div class=\"mgt-header-line\"><\/div><\/div>[\/vc_column][\/vc_row][vc_row css=&#8221;.vc_custom_1731331188839{margin-top: 30px !important;}&#8221;][vc_column width=&#8221;1\/2&#8243;][vc_single_image image=&#8221;8231&#8243; img_size=&#8221;full&#8221; alignment=&#8221;center&#8221; css=&#8221;&#8221; title=&#8221;Allgemeine Planimetrie&#8221;][\/vc_column][vc_column width=&#8221;1\/2&#8243;][vc_single_image image=&#8221;8236&#8243; img_size=&#8221;full&#8221; alignment=&#8221;center&#8221; css=&#8221;&#8221; title=&#8221;Untergeschoss&#8221;][\/vc_column][\/vc_row][vc_row css=&#8221;.vc_custom_1731331188839{margin-top: 30px !important;}&#8221;][vc_column width=&#8221;1\/2&#8243;][vc_single_image image=&#8221;8238&#8243; img_size=&#8221;full&#8221; alignment=&#8221;center&#8221; css=&#8221;&#8221; title=&#8221;Erdgeschoss&#8221;][\/vc_column][vc_column width=&#8221;1\/2&#8243;][vc_single_image image=&#8221;8240&#8243; img_size=&#8221;full&#8221; alignment=&#8221;center&#8221; css=&#8221;&#8221; title=&#8221;Erster Stock&#8221;][\/vc_column][\/vc_row][vc_row full_width=&#8221;stretch_row&#8221; css=&#8221;.vc_custom_1731331544882{margin-top: 20px !important;background-color: #1c2126 !important;}&#8221;][vc_column]<div class=\"mgt-cta-block clearfix white-text with-text no-side-paddings wpb_content_element\" data-style=\"background-color: ;\"><div class=\"mgt-button-wrapper mgt-button-wrapper-align-right mgt-button-wrapper-display-newline mgt-button-top-margin-disable\"><a class=\"btn hvr-sweep-to-right mgt-button mgt-style-solid mgt-size-normal mgt-align-right mgt-display-newline mgt-text-size-normal mgt-button-icon-position-left mgt-text-transform-uppercase \" href=\"#contatto\"><i class=\"fa fa-file-text-o\"><\/i>Entra in contatto con noi<\/a><\/div><h5 class=\"mgt-cta-block-header\">RICHIEDI INFORMAZIONI<\/h5><div class=\"mgt-cta-block-content\">Kontaktieren Sie GFA Immobiliare f\u00fcr weitere Informationen!<\/div><\/div>[\/vc_column][\/vc_row][vc_row full_width=&#8221;stretch_row_content_no_spaces&#8221;][vc_column][sbs_wpb_openstreetmap map_style=&#8221;openstreetmap_de&#8221; map_height=&#8221;30&#8243; zoom=&#8221;16&#8243; ctrl_mouse_zoom=&#8221;true&#8221; show_attribution=&#8221;&#8221; latitude=&#8221;45.5755&#8243; longitude=&#8221;10.742023&#8243;][sbs_wpb_marker marker_source=&#8221;coordinates&#8221; marker_color=&#8221;green&#8221; marker_latitude=&#8221;45.5755&#8243; marker_longitude=&#8221;10.742023&#8243; marker_icon=&#8221;sbs-map-icon sbs-map-my-location&#8221;]<img loading=\"lazy\" decoding=\"async\" class=\"alignnone size-full wp-image-4127\" src=\"https:\/\/www.gfaimmobiliare.it\/wp-content\/uploads\/2020\/08\/corte_casara_logo.png\" alt=\"Corte Casara | GFA Immobiliare\" width=\"300\" height=\"134\" \/><br \/>\n<strong>Corte Casara<\/strong><br \/>\nCostermano (VR)[\/sbs_wpb_marker][\/sbs_wpb_openstreetmap][\/vc_column][\/vc_row][vc_row css=&#8221;.vc_custom_1597907881173{margin-top: 50px !important;}&#8221;][vc_column]<div class=\"mgt-header-block clearfix text-left text-black wpb_animate_when_almost_visible wpb_top-to-bottom wpb_content_element  mgt-header-block-style-2 mgt-header-texttransform-header \"><h2 class=\"mgt-header-block-title\">Fotogalerie<\/h2><div class=\"mgt-header-line\"><\/div><\/div>[vc_column_text css=&#8221;&#8221;]<\/p>\n\n\t\t<style type=\"text\/css\">\n\t\t\t#gallery-1 {\n\t\t\t\tmargin: auto;\n\t\t\t}\n\t\t\t#gallery-1 .gallery-item {\n\t\t\t\tfloat: left;\n\t\t\t\tmargin-top: 10px;\n\t\t\t\ttext-align: center;\n\t\t\t\twidth: 50%;\n\t\t\t}\n\t\t\t#gallery-1 img {\n\t\t\t\tborder: 2px solid #cfcfcf;\n\t\t\t}\n\t\t\t#gallery-1 .gallery-caption {\n\t\t\t\tmargin-left: 0;\n\t\t\t}\n\t\t\t\/* see gallery_shortcode() in wp-includes\/media.php *\/\n\t\t<\/style>\n\t\t<div id='gallery-1' class='gallery galleryid-8186 gallery-columns-2 gallery-size-full'><dl class='gallery-item'>\n\t\t\t<dt class='gallery-icon landscape'>\n\t\t\t\t<a href='https:\/\/www.gfaimmobiliare.it\/wp-content\/uploads\/2024\/11\/Vista-Sinistra-1200x.jpg'><img loading=\"lazy\" decoding=\"async\" width=\"1200\" height=\"1193\" src=\"https:\/\/www.gfaimmobiliare.it\/wp-content\/uploads\/2024\/11\/Vista-Sinistra-1200x.jpg\" class=\"attachment-full size-full\" alt=\"\" srcset=\"https:\/\/www.gfaimmobiliare.it\/wp-content\/uploads\/2024\/11\/Vista-Sinistra-1200x.jpg 1200w, https:\/\/www.gfaimmobiliare.it\/wp-content\/uploads\/2024\/11\/Vista-Sinistra-1200x-300x298.jpg 300w, https:\/\/www.gfaimmobiliare.it\/wp-content\/uploads\/2024\/11\/Vista-Sinistra-1200x-1024x1018.jpg 1024w, https:\/\/www.gfaimmobiliare.it\/wp-content\/uploads\/2024\/11\/Vista-Sinistra-1200x-150x150.jpg 150w, https:\/\/www.gfaimmobiliare.it\/wp-content\/uploads\/2024\/11\/Vista-Sinistra-1200x-768x764.jpg 768w, https:\/\/www.gfaimmobiliare.it\/wp-content\/uploads\/2024\/11\/Vista-Sinistra-1200x-100x100.jpg 100w, https:\/\/www.gfaimmobiliare.it\/wp-content\/uploads\/2024\/11\/Vista-Sinistra-1200x-40x40.jpg 40w\" sizes=\"auto, (max-width: 1200px) 100vw, 1200px\" \/><\/a>\n\t\t\t<\/dt><\/dl><dl class='gallery-item'>\n\t\t\t<dt class='gallery-icon landscape'>\n\t\t\t\t<a href='https:\/\/www.gfaimmobiliare.it\/wp-content\/uploads\/2024\/11\/Piscina-1200x.jpg'><img loading=\"lazy\" decoding=\"async\" width=\"1200\" height=\"822\" src=\"https:\/\/www.gfaimmobiliare.it\/wp-content\/uploads\/2024\/11\/Piscina-1200x.jpg\" class=\"attachment-full size-full\" alt=\"\" srcset=\"https:\/\/www.gfaimmobiliare.it\/wp-content\/uploads\/2024\/11\/Piscina-1200x.jpg 1200w, https:\/\/www.gfaimmobiliare.it\/wp-content\/uploads\/2024\/11\/Piscina-1200x-300x206.jpg 300w, https:\/\/www.gfaimmobiliare.it\/wp-content\/uploads\/2024\/11\/Piscina-1200x-1024x701.jpg 1024w, https:\/\/www.gfaimmobiliare.it\/wp-content\/uploads\/2024\/11\/Piscina-1200x-768x526.jpg 768w\" sizes=\"auto, (max-width: 1200px) 100vw, 1200px\" \/><\/a>\n\t\t\t<\/dt><\/dl><br style=\"clear: both\" \/><dl class='gallery-item'>\n\t\t\t<dt class='gallery-icon portrait'>\n\t\t\t\t<a href='https:\/\/www.gfaimmobiliare.it\/wp-content\/uploads\/2024\/11\/Vista-Destra_notte-1200x.jpg'><img loading=\"lazy\" decoding=\"async\" width=\"1200\" height=\"1240\" src=\"https:\/\/www.gfaimmobiliare.it\/wp-content\/uploads\/2024\/11\/Vista-Destra_notte-1200x.jpg\" class=\"attachment-full size-full\" alt=\"\" srcset=\"https:\/\/www.gfaimmobiliare.it\/wp-content\/uploads\/2024\/11\/Vista-Destra_notte-1200x.jpg 1200w, https:\/\/www.gfaimmobiliare.it\/wp-content\/uploads\/2024\/11\/Vista-Destra_notte-1200x-290x300.jpg 290w, https:\/\/www.gfaimmobiliare.it\/wp-content\/uploads\/2024\/11\/Vista-Destra_notte-1200x-991x1024.jpg 991w, https:\/\/www.gfaimmobiliare.it\/wp-content\/uploads\/2024\/11\/Vista-Destra_notte-1200x-768x794.jpg 768w, https:\/\/www.gfaimmobiliare.it\/wp-content\/uploads\/2024\/11\/Vista-Destra_notte-1200x-40x40.jpg 40w\" sizes=\"auto, (max-width: 1200px) 100vw, 1200px\" \/><\/a>\n\t\t\t<\/dt><\/dl><dl class='gallery-item'>\n\t\t\t<dt class='gallery-icon landscape'>\n\t\t\t\t<a href='https:\/\/www.gfaimmobiliare.it\/wp-content\/uploads\/2024\/11\/Vista-Destra-1200x.jpg'><img loading=\"lazy\" decoding=\"async\" width=\"1200\" height=\"1108\" src=\"https:\/\/www.gfaimmobiliare.it\/wp-content\/uploads\/2024\/11\/Vista-Destra-1200x.jpg\" class=\"attachment-full size-full\" alt=\"\" srcset=\"https:\/\/www.gfaimmobiliare.it\/wp-content\/uploads\/2024\/11\/Vista-Destra-1200x.jpg 1200w, https:\/\/www.gfaimmobiliare.it\/wp-content\/uploads\/2024\/11\/Vista-Destra-1200x-300x277.jpg 300w, https:\/\/www.gfaimmobiliare.it\/wp-content\/uploads\/2024\/11\/Vista-Destra-1200x-1024x945.jpg 1024w, https:\/\/www.gfaimmobiliare.it\/wp-content\/uploads\/2024\/11\/Vista-Destra-1200x-768x709.jpg 768w\" sizes=\"auto, (max-width: 1200px) 100vw, 1200px\" \/><\/a>\n\t\t\t<\/dt><\/dl><br style=\"clear: both\" \/><dl class='gallery-item'>\n\t\t\t<dt class='gallery-icon portrait'>\n\t\t\t\t<a href='https:\/\/www.gfaimmobiliare.it\/wp-content\/uploads\/2024\/11\/Vista-Fronte-1200x.jpg'><img loading=\"lazy\" decoding=\"async\" width=\"1200\" height=\"1208\" src=\"https:\/\/www.gfaimmobiliare.it\/wp-content\/uploads\/2024\/11\/Vista-Fronte-1200x.jpg\" class=\"attachment-full size-full\" alt=\"\" srcset=\"https:\/\/www.gfaimmobiliare.it\/wp-content\/uploads\/2024\/11\/Vista-Fronte-1200x.jpg 1200w, https:\/\/www.gfaimmobiliare.it\/wp-content\/uploads\/2024\/11\/Vista-Fronte-1200x-298x300.jpg 298w, https:\/\/www.gfaimmobiliare.it\/wp-content\/uploads\/2024\/11\/Vista-Fronte-1200x-1017x1024.jpg 1017w, https:\/\/www.gfaimmobiliare.it\/wp-content\/uploads\/2024\/11\/Vista-Fronte-1200x-150x150.jpg 150w, https:\/\/www.gfaimmobiliare.it\/wp-content\/uploads\/2024\/11\/Vista-Fronte-1200x-768x773.jpg 768w, https:\/\/www.gfaimmobiliare.it\/wp-content\/uploads\/2024\/11\/Vista-Fronte-1200x-100x100.jpg 100w, https:\/\/www.gfaimmobiliare.it\/wp-content\/uploads\/2024\/11\/Vista-Fronte-1200x-40x40.jpg 40w\" sizes=\"auto, (max-width: 1200px) 100vw, 1200px\" \/><\/a>\n\t\t\t<\/dt><\/dl><dl class='gallery-item'>\n\t\t\t<dt class='gallery-icon landscape'>\n\t\t\t\t<a href='https:\/\/www.gfaimmobiliare.it\/wp-content\/uploads\/2024\/11\/Vista-Retro-1200x.jpg'><img loading=\"lazy\" decoding=\"async\" width=\"1200\" height=\"1192\" src=\"https:\/\/www.gfaimmobiliare.it\/wp-content\/uploads\/2024\/11\/Vista-Retro-1200x.jpg\" class=\"attachment-full size-full\" alt=\"\" srcset=\"https:\/\/www.gfaimmobiliare.it\/wp-content\/uploads\/2024\/11\/Vista-Retro-1200x.jpg 1200w, https:\/\/www.gfaimmobiliare.it\/wp-content\/uploads\/2024\/11\/Vista-Retro-1200x-300x298.jpg 300w, https:\/\/www.gfaimmobiliare.it\/wp-content\/uploads\/2024\/11\/Vista-Retro-1200x-1024x1017.jpg 1024w, https:\/\/www.gfaimmobiliare.it\/wp-content\/uploads\/2024\/11\/Vista-Retro-1200x-150x150.jpg 150w, https:\/\/www.gfaimmobiliare.it\/wp-content\/uploads\/2024\/11\/Vista-Retro-1200x-768x763.jpg 768w, https:\/\/www.gfaimmobiliare.it\/wp-content\/uploads\/2024\/11\/Vista-Retro-1200x-100x100.jpg 100w, https:\/\/www.gfaimmobiliare.it\/wp-content\/uploads\/2024\/11\/Vista-Retro-1200x-40x40.jpg 40w\" sizes=\"auto, (max-width: 1200px) 100vw, 1200px\" \/><\/a>\n\t\t\t<\/dt><\/dl><br style=\"clear: both\" \/><dl class='gallery-item'>\n\t\t\t<dt class='gallery-icon landscape'>\n\t\t\t\t<a href='https:\/\/www.gfaimmobiliare.it\/wp-content\/uploads\/2024\/11\/Salone-1200x.jpg'><img loading=\"lazy\" decoding=\"async\" width=\"1200\" height=\"821\" src=\"https:\/\/www.gfaimmobiliare.it\/wp-content\/uploads\/2024\/11\/Salone-1200x.jpg\" class=\"attachment-full size-full\" alt=\"\" srcset=\"https:\/\/www.gfaimmobiliare.it\/wp-content\/uploads\/2024\/11\/Salone-1200x.jpg 1200w, https:\/\/www.gfaimmobiliare.it\/wp-content\/uploads\/2024\/11\/Salone-1200x-300x205.jpg 300w, https:\/\/www.gfaimmobiliare.it\/wp-content\/uploads\/2024\/11\/Salone-1200x-1024x701.jpg 1024w, https:\/\/www.gfaimmobiliare.it\/wp-content\/uploads\/2024\/11\/Salone-1200x-768x525.jpg 768w\" sizes=\"auto, (max-width: 1200px) 100vw, 1200px\" \/><\/a>\n\t\t\t<\/dt><\/dl><dl class='gallery-item'>\n\t\t\t<dt class='gallery-icon landscape'>\n\t\t\t\t<a href='https:\/\/www.gfaimmobiliare.it\/wp-content\/uploads\/2024\/11\/Camera-da-Letto-1200x.jpg'><img loading=\"lazy\" decoding=\"async\" width=\"1200\" height=\"675\" src=\"https:\/\/www.gfaimmobiliare.it\/wp-content\/uploads\/2024\/11\/Camera-da-Letto-1200x.jpg\" class=\"attachment-full size-full\" alt=\"\" srcset=\"https:\/\/www.gfaimmobiliare.it\/wp-content\/uploads\/2024\/11\/Camera-da-Letto-1200x.jpg 1200w, https:\/\/www.gfaimmobiliare.it\/wp-content\/uploads\/2024\/11\/Camera-da-Letto-1200x-300x169.jpg 300w, https:\/\/www.gfaimmobiliare.it\/wp-content\/uploads\/2024\/11\/Camera-da-Letto-1200x-1024x576.jpg 1024w, https:\/\/www.gfaimmobiliare.it\/wp-content\/uploads\/2024\/11\/Camera-da-Letto-1200x-768x432.jpg 768w, https:\/\/www.gfaimmobiliare.it\/wp-content\/uploads\/2024\/11\/Camera-da-Letto-1200x-270x152.jpg 270w\" sizes=\"auto, (max-width: 1200px) 100vw, 1200px\" \/><\/a>\n\t\t\t<\/dt><\/dl><br style=\"clear: both\" \/><dl class='gallery-item'>\n\t\t\t<dt class='gallery-icon landscape'>\n\t\t\t\t<a href='https:\/\/www.gfaimmobiliare.it\/wp-content\/uploads\/2024\/11\/Corridoio-1200x.jpg'><img loading=\"lazy\" decoding=\"async\" width=\"1200\" height=\"821\" src=\"https:\/\/www.gfaimmobiliare.it\/wp-content\/uploads\/2024\/11\/Corridoio-1200x.jpg\" class=\"attachment-full size-full\" alt=\"\" srcset=\"https:\/\/www.gfaimmobiliare.it\/wp-content\/uploads\/2024\/11\/Corridoio-1200x.jpg 1200w, https:\/\/www.gfaimmobiliare.it\/wp-content\/uploads\/2024\/11\/Corridoio-1200x-300x205.jpg 300w, https:\/\/www.gfaimmobiliare.it\/wp-content\/uploads\/2024\/11\/Corridoio-1200x-1024x701.jpg 1024w, https:\/\/www.gfaimmobiliare.it\/wp-content\/uploads\/2024\/11\/Corridoio-1200x-768x525.jpg 768w\" sizes=\"auto, (max-width: 1200px) 100vw, 1200px\" \/><\/a>\n\t\t\t<\/dt><\/dl><dl class='gallery-item'>\n\t\t\t<dt class='gallery-icon landscape'>\n\t\t\t\t<a href='https:\/\/www.gfaimmobiliare.it\/wp-content\/uploads\/2024\/11\/Cucina-1200x.jpg'><img loading=\"lazy\" decoding=\"async\" width=\"1200\" height=\"821\" src=\"https:\/\/www.gfaimmobiliare.it\/wp-content\/uploads\/2024\/11\/Cucina-1200x.jpg\" class=\"attachment-full size-full\" alt=\"\" srcset=\"https:\/\/www.gfaimmobiliare.it\/wp-content\/uploads\/2024\/11\/Cucina-1200x.jpg 1200w, https:\/\/www.gfaimmobiliare.it\/wp-content\/uploads\/2024\/11\/Cucina-1200x-300x205.jpg 300w, https:\/\/www.gfaimmobiliare.it\/wp-content\/uploads\/2024\/11\/Cucina-1200x-1024x701.jpg 1024w, https:\/\/www.gfaimmobiliare.it\/wp-content\/uploads\/2024\/11\/Cucina-1200x-768x525.jpg 768w\" sizes=\"auto, (max-width: 1200px) 100vw, 1200px\" \/><\/a>\n\t\t\t<\/dt><\/dl><br style=\"clear: both\" \/><dl class='gallery-item'>\n\t\t\t<dt class='gallery-icon landscape'>\n\t\t\t\t<a href='https:\/\/www.gfaimmobiliare.it\/wp-content\/uploads\/2024\/11\/Divano-1200x.jpg'><img loading=\"lazy\" decoding=\"async\" width=\"1200\" height=\"821\" src=\"https:\/\/www.gfaimmobiliare.it\/wp-content\/uploads\/2024\/11\/Divano-1200x.jpg\" class=\"attachment-full size-full\" alt=\"\" srcset=\"https:\/\/www.gfaimmobiliare.it\/wp-content\/uploads\/2024\/11\/Divano-1200x.jpg 1200w, https:\/\/www.gfaimmobiliare.it\/wp-content\/uploads\/2024\/11\/Divano-1200x-300x205.jpg 300w, https:\/\/www.gfaimmobiliare.it\/wp-content\/uploads\/2024\/11\/Divano-1200x-1024x701.jpg 1024w, https:\/\/www.gfaimmobiliare.it\/wp-content\/uploads\/2024\/11\/Divano-1200x-768x525.jpg 768w\" sizes=\"auto, (max-width: 1200px) 100vw, 1200px\" \/><\/a>\n\t\t\t<\/dt><\/dl>\n\t\t\t<br style='clear: both' \/>\n\t\t<\/div>\n\n<p>[\/vc_column_text][\/vc_column][\/vc_row][vc_row css=&#8221;.vc_custom_1597907881173{margin-top: 50px !important;}&#8221;][vc_column]<div class=\"mgt-header-block clearfix text-left text-black wpb_animate_when_almost_visible wpb_top-to-bottom wpb_content_element  mgt-header-block-style-2 mgt-header-texttransform-header \"><h2 class=\"mgt-header-block-title\">Video Galerie<\/h2><div class=\"mgt-header-line\"><\/div><\/div>[vc_row_inner][vc_column_inner width=&#8221;1\/3&#8243;][vc_video link=&#8221;https:\/\/vimeo.com\/1028411987&#8243; el_aspect=&#8221;916&#8243; align=&#8221;center&#8221; css=&#8221;&#8221;][\/vc_column_inner][vc_column_inner width=&#8221;1\/3&#8243;][vc_video link=&#8221;https:\/\/vimeo.com\/1028412229&#8243; el_aspect=&#8221;916&#8243; align=&#8221;center&#8221; css=&#8221;&#8221;][\/vc_column_inner][vc_column_inner width=&#8221;1\/3&#8243;][vc_video link=&#8221;https:\/\/vimeo.com\/1028412365&#8243; el_aspect=&#8221;916&#8243; align=&#8221;center&#8221; css=&#8221;&#8221;][\/vc_column_inner][\/vc_row_inner][vc_row_inner][vc_column_inner width=&#8221;1\/3&#8243;][vc_video link=&#8221;https:\/\/vimeo.com\/1028412486&#8243; el_aspect=&#8221;916&#8243; align=&#8221;center&#8221; css=&#8221;&#8221;][\/vc_column_inner][vc_column_inner width=&#8221;1\/3&#8243;][vc_video link=&#8221;https:\/\/vimeo.com\/1028412621&#8243; el_aspect=&#8221;916&#8243; align=&#8221;center&#8221; css=&#8221;&#8221;][\/vc_column_inner][vc_column_inner width=&#8221;1\/3&#8243;][vc_video link=&#8221;https:\/\/vimeo.com\/1028412709&#8243; el_aspect=&#8221;916&#8243; align=&#8221;center&#8221; css=&#8221;&#8221;][\/vc_column_inner][\/vc_row_inner][\/vc_column][\/vc_row][vc_row full_width=&#8221;stretch_row&#8221; css=&#8221;.vc_custom_1597907625695{padding-top: 50px !important;padding-bottom: 50px !important;}&#8221;][vc_column width=&#8221;1\/2&#8243; el_id=&#8221;contatto&#8221;]<div class=\"mgt-header-block clearfix text-left text-black wpb_content_element  mgt-header-block-style-2 mgt-header-texttransform-both  vc_custom_1598027218666\"><p class=\"mgt-header-block-subtitle\">Entra in contatto con noi<\/p><h2 class=\"mgt-header-block-title\">Compila il modulo<\/h2><div class=\"mgt-header-line\"><\/div><\/div>[vc_column_text css_animation=&#8221;left-to-right&#8221; css=&#8221;&#8221;]F\u00fcr Informationen oder Anfragen bez\u00fcglich der Immobilientransaktion <strong>\u201eVilla Oliveto\u201c<\/strong> von GFA Immobiliare, geben Sie bitte hier Ihre Daten ein.<br \/>\nWir werden uns so schnell wie m\u00f6glich mit Ihnen in Verbindung setzen.<\/p>\n<p>Die mit einem Sternchen (*) gekennzeichneten Felder sind Pflichtfelder.[\/vc_column_text][\/vc_column][vc_column width=&#8221;1\/2&#8243;]\n<div class=\"wpcf7 no-js\" id=\"wpcf7-f4350-o1\" lang=\"it-IT\" dir=\"ltr\" data-wpcf7-id=\"4350\">\n<div class=\"screen-reader-response\"><p role=\"status\" aria-live=\"polite\" aria-atomic=\"true\"><\/p> <ul><\/ul><\/div>\n<form action=\"\/de\/wp-json\/wp\/v2\/pages\/8186#wpcf7-f4350-o1\" method=\"post\" class=\"wpcf7-form init\" aria-label=\"Modulo di contatto\" novalidate=\"novalidate\" data-status=\"init\">\n<fieldset class=\"hidden-fields-container\"><input type=\"hidden\" name=\"_wpcf7\" value=\"4350\" \/><input type=\"hidden\" name=\"_wpcf7_version\" value=\"6.1.5\" \/><input type=\"hidden\" name=\"_wpcf7_locale\" value=\"it_IT\" \/><input type=\"hidden\" name=\"_wpcf7_unit_tag\" value=\"wpcf7-f4350-o1\" \/><input type=\"hidden\" name=\"_wpcf7_container_post\" value=\"0\" \/><input type=\"hidden\" name=\"_wpcf7_posted_data_hash\" value=\"\" \/><input type=\"hidden\" name=\"_wpcf7cf_hidden_group_fields\" value=\"[]\" \/><input type=\"hidden\" name=\"_wpcf7cf_hidden_groups\" value=\"[]\" \/><input type=\"hidden\" name=\"_wpcf7cf_visible_groups\" value=\"[]\" \/><input type=\"hidden\" name=\"_wpcf7cf_repeaters\" value=\"[]\" \/><input type=\"hidden\" name=\"_wpcf7cf_steps\" value=\"{}\" \/><input type=\"hidden\" name=\"_wpcf7cf_options\" value=\"{&quot;form_id&quot;:4350,&quot;conditions&quot;:[{&quot;then_field&quot;:&quot;-1&quot;,&quot;and_rules&quot;:[{&quot;if_field&quot;:&quot;null&quot;,&quot;operator&quot;:&quot;equals&quot;,&quot;if_value&quot;:&quot;&quot;}]}],&quot;settings&quot;:{&quot;animation&quot;:&quot;yes&quot;,&quot;animation_intime&quot;:200,&quot;animation_outtime&quot;:200,&quot;conditions_ui&quot;:&quot;normal&quot;,&quot;notice_dismissed&quot;:false,&quot;notice_dismissed_update-cf7-5.8.1&quot;:true}}\" \/><input type=\"hidden\" name=\"_wpcf7_recaptcha_response\" value=\"\" \/>\n<\/fieldset>\n<div class=\"row\">\n\t<div class=\"col-md-6\">\n\t\t<p><span class=\"wpcf7-form-control-wrap\" data-name=\"gfa-nome\"><input size=\"40\" maxlength=\"400\" class=\"wpcf7-form-control wpcf7-text wpcf7-validates-as-required\" aria-required=\"true\" aria-invalid=\"false\" placeholder=\"Name und Nachname *\" value=\"\" type=\"text\" name=\"gfa-nome\" \/><\/span>\n\t\t<\/p>\n\t\t<p><span class=\"wpcf7-form-control-wrap\" data-name=\"gfa-email\"><input size=\"40\" maxlength=\"400\" class=\"wpcf7-form-control wpcf7-email wpcf7-validates-as-required wpcf7-text wpcf7-validates-as-email\" aria-required=\"true\" aria-invalid=\"false\" placeholder=\"Email *\" value=\"\" type=\"email\" name=\"gfa-email\" \/><\/span>\n\t\t<\/p>\n\t<\/div>\n\t<div class=\"col-md-6\">\n\t\t<p><span class=\"wpcf7-form-control-wrap\" data-name=\"gfa-tel\"><input size=\"40\" maxlength=\"400\" class=\"wpcf7-form-control wpcf7-text\" aria-invalid=\"false\" placeholder=\"Telefon\" value=\"\" type=\"text\" name=\"gfa-tel\" \/><\/span>\n\t\t<\/p>\n\t\t<p><span class=\"wpcf7-form-control-wrap\" data-name=\"gfa-oggetto\"><input size=\"40\" maxlength=\"400\" class=\"wpcf7-form-control wpcf7-text\" aria-invalid=\"false\" placeholder=\"Gegenstand der Anfrage\" value=\"\" type=\"text\" name=\"gfa-oggetto\" \/><\/span>\n\t\t<\/p>\n\t<\/div>\n\t<div class=\"col-md-12\">\n\t\t<p><span class=\"wpcf7-form-control-wrap\" data-name=\"gfa-messaggio\"><textarea cols=\"40\" rows=\"10\" maxlength=\"2000\" class=\"wpcf7-form-control wpcf7-textarea wpcf7-validates-as-required\" aria-required=\"true\" aria-invalid=\"false\" placeholder=\"Kommentare \/ Fragen *\" name=\"gfa-messaggio\"><\/textarea><\/span>\n\t\t<\/p>\n\t\t<p><span class=\"wpcf7-form-control-wrap\" data-name=\"gfa-privacy\"><span class=\"wpcf7-form-control wpcf7-acceptance\"><span class=\"wpcf7-list-item\"><label><input type=\"checkbox\" name=\"gfa-privacy\" value=\"1\" aria-invalid=\"false\" \/><span class=\"wpcf7-list-item-label\">Ich habe die <em><a href=\"https:\/\/gfaimmobiliare.it\/de\/privacy\/\" target=\"_blank\">Datenschutzerkl\u00e4rung<\/a> gelesen<\/em>. Ich stimme der Verarbeitung meiner Daten zu.<\/span><\/label><\/span><\/span><\/span>\n\t\t<\/p>\n\t\t<p><input class=\"wpcf7-form-control wpcf7-submit has-spinner\" type=\"submit\" value=\"Senden\" \/>\n\t\t<\/p>\n\t<\/div>\n<\/div><div class=\"wpcf7-response-output\" aria-hidden=\"true\"><\/div>\n<\/form>\n<\/div>\n[\/vc_column][\/vc_row]<\/p>\n<\/div>","protected":false},"excerpt":{"rendered":"<p>&#8230;<\/p>\n","protected":false},"author":1,"featured_media":0,"parent":0,"menu_order":0,"comment_status":"closed","ping_status":"closed","template":"","meta":{"_seopress_robots_primary_cat":"","_seopress_titles_title":"Corte La Casara | Costermano (VR) | GFA Immobiliare","_seopress_titles_desc":"Villa Oliveto \u00e8 un esclusiva iniziativa immobiliare sulla sponda  veronese del lago di Garda, sul versante collinare nord est del comune di Costermano sul Lago di Garda, in localit\u00e0 Marciaga, in un ambiente di grande pregio naturalistico e, grazie al microclima creato dal bacino del Garda, immerso in un clima particolarmente mite anche nel periodo invernale.","_seopress_robots_index":"","footnotes":""},"class_list":["post-8186","page","type-page","status-publish","hentry"],"_links":{"self":[{"href":"https:\/\/www.gfaimmobiliare.it\/de\/wp-json\/wp\/v2\/pages\/8186","targetHints":{"allow":["GET"]}}],"collection":[{"href":"https:\/\/www.gfaimmobiliare.it\/de\/wp-json\/wp\/v2\/pages"}],"about":[{"href":"https:\/\/www.gfaimmobiliare.it\/de\/wp-json\/wp\/v2\/types\/page"}],"author":[{"embeddable":true,"href":"https:\/\/www.gfaimmobiliare.it\/de\/wp-json\/wp\/v2\/users\/1"}],"replies":[{"embeddable":true,"href":"https:\/\/www.gfaimmobiliare.it\/de\/wp-json\/wp\/v2\/comments?post=8186"}],"version-history":[{"count":41,"href":"https:\/\/www.gfaimmobiliare.it\/de\/wp-json\/wp\/v2\/pages\/8186\/revisions"}],"predecessor-version":[{"id":8281,"href":"https:\/\/www.gfaimmobiliare.it\/de\/wp-json\/wp\/v2\/pages\/8186\/revisions\/8281"}],"wp:attachment":[{"href":"https:\/\/www.gfaimmobiliare.it\/de\/wp-json\/wp\/v2\/media?parent=8186"}],"curies":[{"name":"wp","href":"https:\/\/api.w.org\/{rel}","templated":true}]}}