{"id":4406,"date":"2020-08-21T10:16:59","date_gmt":"2020-08-21T08:16:59","guid":{"rendered":"https:\/\/gfaimmobiliare.it\/?page_id=4406"},"modified":"2020-08-21T18:43:24","modified_gmt":"2020-08-21T16:43:24","slug":"corte-casara-gardasee-und-costermano","status":"publish","type":"page","link":"https:\/\/www.gfaimmobiliare.it\/de\/corte-casara\/corte-casara-gardasee-und-costermano\/","title":{"rendered":"Corte Casara &#8211; Gardasee und Costermano"},"content":{"rendered":"<div class=\"wpb-content-wrapper\"><p>[vc_row css=&#8221;.vc_custom_1596798133332{margin-right: -25px !important;margin-left: -25px !important;}&#8221;][vc_column][vc_single_image image=&#8221;1546&#8243; img_size=&#8221;full&#8221; alignment=&#8221;center&#8221; onclick=&#8221;link_image&#8221;][\/vc_column][\/vc_row][vc_row content_placement=&#8221;top&#8221; css=&#8221;.vc_custom_1596787156927{margin-top: 30px !important;}&#8221;][vc_column]<div class=\"mgt-header-block clearfix text-left text-black wpb_animate_when_almost_visible wpb_top-to-bottom wpb_content_element  mgt-header-block-style-2 mgt-header-texttransform-both \"><p class=\"mgt-header-block-subtitle\">Costermano sul Garda (VR)<\/p><h2 class=\"mgt-header-block-title\">Corte Casara<\/h2><div class=\"mgt-header-line\"><\/div><\/div>[vc_column_text css=&#8221;.vc_custom_1598026032987{margin-top: 50px !important;margin-bottom: 50px !important;}&#8221;]<\/p>\n<blockquote>\n<p>Heute Abend h\u00e4tte ich k\u00f6nnen in Verona sein, aber es lag mir noch eine herrliche Naturwirkung an der Seite, ein k\u00f6stliches Schauspiel: der Gardasee<br \/>\n<em>Johann Wolfgang Goethe<\/em><\/p>\n<\/blockquote>\n<p>[\/vc_column_text][\/vc_column][vc_column width=&#8221;1\/2&#8243;]<div class=\"mgt-header-block clearfix text-left text-black wpb_animate_when_almost_visible wpb_top-to-bottom wpb_content_element  mgt-header-block-style-2 mgt-header-texttransform-both \"><h2 class=\"mgt-header-block-title\">Costermano sul Garda<\/h2><div class=\"mgt-header-line\"><\/div><\/div>[vc_column_text css=&#8221;.vc_custom_1598026113026{margin-top: 50px !important;margin-bottom: 30px !important;}&#8221;]Ein bezaubernder Ort in den Hu\u0308geln des mor\u00e4nischen Amphitheaters, ein Zipfel des Paradieses, der bis in das Blau des Gardasees hineinragt, von kristallklaren B\u00e4chen durchzogen wird und von Pinienw\u00e4ldern, Weinbergen und Olivenhainen<br \/>\neingerahmt ist.<br \/>\nEin Naturerbe, in das sich die architektonischen Sch\u00e4tze der <strong>vier hu\u0308bschen Ortsteile<\/strong> (Albar\u00e8, Castion Veronese, Costermano und Marciaga) harmonisch einschmiegen: H\u00f6fe, \u00c4dikul\u00e4, Villen, Denkm\u00e4ler und Kirchen stellen ein Kulturgut von<br \/>\ngro\u00dfem Wert und Sch\u00f6nheit dar. Mu\u0308hlen, Steinmauern, Brunnen und Font\u00e4nen zeugen von b\u00e4uerlichen und volkstu\u0308mlichen<br \/>\nBr\u00e4uchen, bei denen traditionelle Techniken und lokale Materialien harmonisch miteinander verschmelzen.<br \/>\nDas <strong>\u201cTal der Mu\u0308hlen\u201d<\/strong> durchzieht das Gebiet von Costermano mit den quart\u00e4ren Mor\u00e4nen und ist reich an geschu\u0308tzter Flora<br \/>\nund Fauna.<br \/>\nCostermano sul Garda ist ein gro\u00dfartiger Ort, dem es wunderbar gelingt, die Umwelt wirkungsvoll zu schu\u0308tzen und Gebiete<br \/>\nvon besonderem touristischen und \u00f6kologischen Interesse instand zu halten und aufzuwerten.<br \/>\nDas Projekt <strong>\u201eCostermano sul Garda: Environmental Excellence\u201d<\/strong> ist Teil dieser Entwicklung, die eine innovative Infrastruktur vorsieht, die aus 6 Themenparks und einem Netz von Radund Wanderwegen besteht, und die vier Orte in ein einziges, miteinander verbundenes nutzbares System einbindet.<br \/>\nEin harmonisches Geflecht aus Mensch und Natur, das in naher Zukunft das Verbindungsglied eines durchgehenden Systems sein wird, eine starke, erkennbare Textur schaffen wird, und die Landschaft selbst zu der eigentlichen, rundum zu erlebenden Infrastruktur macht.[\/vc_column_text][\/vc_column][vc_column width=&#8221;1\/2&#8243;]<div class=\"mgt-header-block clearfix text-left text-black wpb_animate_when_almost_visible wpb_top-to-bottom wpb_content_element  mgt-header-block-style-2 mgt-header-texttransform-both \"><h2 class=\"mgt-header-block-title\">Gardasee<\/h2><div class=\"mgt-header-line\"><\/div><\/div>[vc_column_text css=&#8221;.vc_custom_1598026153015{margin-top: 50px !important;margin-bottom: 30px !important;}&#8221;]Der Gardasee ist ein herrliches, einzigartiges Gebiet, das unvergleichliche Sch\u00e4tze an Natursch\u00f6nheiten, Kunst, k\u00f6stliche Speisen und Weine sowie eine einmalige Architektur birgt.<br \/>\nDie reizvolle Ku\u0308ste, das smaragdgru\u0308ne Wasser, die malerischen Hu\u0308gel, die Riviera degli Olivi, die H\u00e4nge des Monte Baldo und die kleinen, geschichtstr\u00e4chtigen D\u00f6rfer sind eine u\u0308berraschende Symbiose zwischen Natur und Kultur.<br \/>\nDas <strong>typisch mediterrane Klima<\/strong> macht diese Gegend so einzigartig, die sich au\u00dferdem eines au\u00dfergew\u00f6hnlichen Rekords ru\u0308hmen kann: Es ist das n\u00f6rdlichste Oliven- und Zitronenanbaugebiet Europas. An der Riviera degli Olivi am Veroneser Seeufer werden u\u0308ber zweihundert verschiedene Olivensorten kultiviert, die einst von den R\u00f6mern eingefu\u0308hrt wurden, w\u00e4hrend die Landschaft des \u00f6stlichen Ufers von den Zitronenplantagen mit den charakteristischen Terrasseng\u00e4rten bestimmt wird, in denen Orangen, Mandarinen und Zedern gedeihen.<br \/>\nZwischen Gardasee und Etsch pr\u00e4gt der Monte Baldo, auch \u201eGarten Europas\u201d genannt, die Landschaft mit seinem unverwechselbaren Profil und stellt ein wahres Paradies fu\u0308r Wanderer, Naturfreunde und Liebhaber von Outdoor-Aktivit\u00e4ten dar. Und wenn am Abend die Sonne untergeht und an den Ufern die Lichter angehen, verwandelt sich der Gardasee in eine stimmungsvolle, schillernde Kulisse.[\/vc_column_text][\/vc_column][\/vc_row][vc_row][vc_column]<div class=\"mgt-header-block clearfix text-left text-black wpb_animate_when_almost_visible wpb_top-to-bottom wpb_content_element  mgt-header-block-style-2 mgt-header-texttransform-both \"><h2 class=\"mgt-header-block-title\">Fotogallerie<\/h2><div class=\"mgt-header-line\"><\/div><\/div>[vc_column_text css=&#8221;.vc_custom_1598020722783{margin-top: 50px !important;margin-bottom: 30px !important;}&#8221;]<\/p>\n\n\t\t<style type=\"text\/css\">\n\t\t\t#gallery-1 {\n\t\t\t\tmargin: auto;\n\t\t\t}\n\t\t\t#gallery-1 .gallery-item {\n\t\t\t\tfloat: left;\n\t\t\t\tmargin-top: 10px;\n\t\t\t\ttext-align: center;\n\t\t\t\twidth: 33%;\n\t\t\t}\n\t\t\t#gallery-1 img {\n\t\t\t\tborder: 2px solid #cfcfcf;\n\t\t\t}\n\t\t\t#gallery-1 .gallery-caption {\n\t\t\t\tmargin-left: 0;\n\t\t\t}\n\t\t\t\/* see gallery_shortcode() in wp-includes\/media.php *\/\n\t\t<\/style>\n\t\t<div id='gallery-1' class='gallery galleryid-4406 gallery-columns-3 gallery-size-thumbnail'><dl class='gallery-item'>\n\t\t\t<dt class='gallery-icon landscape'>\n\t\t\t\t<a href='https:\/\/www.gfaimmobiliare.it\/wp-content\/uploads\/2019\/03\/Casara_imm_01.jpg'><img loading=\"lazy\" decoding=\"async\" width=\"150\" height=\"150\" src=\"https:\/\/www.gfaimmobiliare.it\/wp-content\/uploads\/2019\/03\/Casara_imm_01-150x150.jpg\" class=\"attachment-thumbnail size-thumbnail\" alt=\"\" srcset=\"https:\/\/www.gfaimmobiliare.it\/wp-content\/uploads\/2019\/03\/Casara_imm_01-150x150.jpg 150w, https:\/\/www.gfaimmobiliare.it\/wp-content\/uploads\/2019\/03\/Casara_imm_01-268x268.jpg 268w, https:\/\/www.gfaimmobiliare.it\/wp-content\/uploads\/2019\/03\/Casara_imm_01-75x75.jpg 75w, https:\/\/www.gfaimmobiliare.it\/wp-content\/uploads\/2019\/03\/Casara_imm_01-80x80.jpg 80w, https:\/\/www.gfaimmobiliare.it\/wp-content\/uploads\/2019\/03\/Casara_imm_01-100x100.jpg 100w\" sizes=\"auto, (max-width: 150px) 100vw, 150px\" \/><\/a>\n\t\t\t<\/dt><\/dl><dl class='gallery-item'>\n\t\t\t<dt class='gallery-icon landscape'>\n\t\t\t\t<a href='https:\/\/www.gfaimmobiliare.it\/wp-content\/uploads\/2019\/03\/Casara_imm_06.jpg'><img loading=\"lazy\" decoding=\"async\" width=\"150\" height=\"150\" src=\"https:\/\/www.gfaimmobiliare.it\/wp-content\/uploads\/2019\/03\/Casara_imm_06-150x150.jpg\" class=\"attachment-thumbnail size-thumbnail\" alt=\"\" srcset=\"https:\/\/www.gfaimmobiliare.it\/wp-content\/uploads\/2019\/03\/Casara_imm_06-150x150.jpg 150w, https:\/\/www.gfaimmobiliare.it\/wp-content\/uploads\/2019\/03\/Casara_imm_06-268x268.jpg 268w, https:\/\/www.gfaimmobiliare.it\/wp-content\/uploads\/2019\/03\/Casara_imm_06-75x75.jpg 75w, https:\/\/www.gfaimmobiliare.it\/wp-content\/uploads\/2019\/03\/Casara_imm_06-80x80.jpg 80w, https:\/\/www.gfaimmobiliare.it\/wp-content\/uploads\/2019\/03\/Casara_imm_06-100x100.jpg 100w\" sizes=\"auto, (max-width: 150px) 100vw, 150px\" \/><\/a>\n\t\t\t<\/dt><\/dl><dl class='gallery-item'>\n\t\t\t<dt class='gallery-icon landscape'>\n\t\t\t\t<a href='https:\/\/www.gfaimmobiliare.it\/wp-content\/uploads\/2019\/03\/Casara_imm_05.jpg'><img loading=\"lazy\" decoding=\"async\" width=\"150\" height=\"150\" src=\"https:\/\/www.gfaimmobiliare.it\/wp-content\/uploads\/2019\/03\/Casara_imm_05-150x150.jpg\" class=\"attachment-thumbnail size-thumbnail\" alt=\"\" srcset=\"https:\/\/www.gfaimmobiliare.it\/wp-content\/uploads\/2019\/03\/Casara_imm_05-150x150.jpg 150w, https:\/\/www.gfaimmobiliare.it\/wp-content\/uploads\/2019\/03\/Casara_imm_05-268x268.jpg 268w, https:\/\/www.gfaimmobiliare.it\/wp-content\/uploads\/2019\/03\/Casara_imm_05-75x75.jpg 75w, https:\/\/www.gfaimmobiliare.it\/wp-content\/uploads\/2019\/03\/Casara_imm_05-80x80.jpg 80w, https:\/\/www.gfaimmobiliare.it\/wp-content\/uploads\/2019\/03\/Casara_imm_05-100x100.jpg 100w\" sizes=\"auto, (max-width: 150px) 100vw, 150px\" \/><\/a>\n\t\t\t<\/dt><\/dl><br style=\"clear: both\" \/><dl class='gallery-item'>\n\t\t\t<dt class='gallery-icon landscape'>\n\t\t\t\t<a href='https:\/\/www.gfaimmobiliare.it\/wp-content\/uploads\/2019\/03\/Casara_imm_04.jpg'><img loading=\"lazy\" decoding=\"async\" width=\"150\" height=\"150\" src=\"https:\/\/www.gfaimmobiliare.it\/wp-content\/uploads\/2019\/03\/Casara_imm_04-150x150.jpg\" class=\"attachment-thumbnail size-thumbnail\" alt=\"\" srcset=\"https:\/\/www.gfaimmobiliare.it\/wp-content\/uploads\/2019\/03\/Casara_imm_04-150x150.jpg 150w, https:\/\/www.gfaimmobiliare.it\/wp-content\/uploads\/2019\/03\/Casara_imm_04-268x268.jpg 268w, https:\/\/www.gfaimmobiliare.it\/wp-content\/uploads\/2019\/03\/Casara_imm_04-75x75.jpg 75w, https:\/\/www.gfaimmobiliare.it\/wp-content\/uploads\/2019\/03\/Casara_imm_04-80x80.jpg 80w, https:\/\/www.gfaimmobiliare.it\/wp-content\/uploads\/2019\/03\/Casara_imm_04-100x100.jpg 100w\" sizes=\"auto, (max-width: 150px) 100vw, 150px\" \/><\/a>\n\t\t\t<\/dt><\/dl><dl class='gallery-item'>\n\t\t\t<dt class='gallery-icon landscape'>\n\t\t\t\t<a href='https:\/\/www.gfaimmobiliare.it\/wp-content\/uploads\/2019\/03\/Casara_imm_03.jpg'><img loading=\"lazy\" decoding=\"async\" width=\"150\" height=\"150\" src=\"https:\/\/www.gfaimmobiliare.it\/wp-content\/uploads\/2019\/03\/Casara_imm_03-150x150.jpg\" class=\"attachment-thumbnail size-thumbnail\" alt=\"\" srcset=\"https:\/\/www.gfaimmobiliare.it\/wp-content\/uploads\/2019\/03\/Casara_imm_03-150x150.jpg 150w, https:\/\/www.gfaimmobiliare.it\/wp-content\/uploads\/2019\/03\/Casara_imm_03-268x268.jpg 268w, https:\/\/www.gfaimmobiliare.it\/wp-content\/uploads\/2019\/03\/Casara_imm_03-75x75.jpg 75w, https:\/\/www.gfaimmobiliare.it\/wp-content\/uploads\/2019\/03\/Casara_imm_03-80x80.jpg 80w, https:\/\/www.gfaimmobiliare.it\/wp-content\/uploads\/2019\/03\/Casara_imm_03-100x100.jpg 100w\" sizes=\"auto, (max-width: 150px) 100vw, 150px\" \/><\/a>\n\t\t\t<\/dt><\/dl><dl class='gallery-item'>\n\t\t\t<dt class='gallery-icon landscape'>\n\t\t\t\t<a href='https:\/\/www.gfaimmobiliare.it\/wp-content\/uploads\/2019\/03\/Casara_imm_02.jpg'><img loading=\"lazy\" decoding=\"async\" width=\"150\" height=\"150\" src=\"https:\/\/www.gfaimmobiliare.it\/wp-content\/uploads\/2019\/03\/Casara_imm_02-150x150.jpg\" class=\"attachment-thumbnail size-thumbnail\" alt=\"\" srcset=\"https:\/\/www.gfaimmobiliare.it\/wp-content\/uploads\/2019\/03\/Casara_imm_02-150x150.jpg 150w, https:\/\/www.gfaimmobiliare.it\/wp-content\/uploads\/2019\/03\/Casara_imm_02-268x268.jpg 268w, https:\/\/www.gfaimmobiliare.it\/wp-content\/uploads\/2019\/03\/Casara_imm_02-75x75.jpg 75w, https:\/\/www.gfaimmobiliare.it\/wp-content\/uploads\/2019\/03\/Casara_imm_02-80x80.jpg 80w, https:\/\/www.gfaimmobiliare.it\/wp-content\/uploads\/2019\/03\/Casara_imm_02-100x100.jpg 100w\" sizes=\"auto, (max-width: 150px) 100vw, 150px\" \/><\/a>\n\t\t\t<\/dt><\/dl><br style=\"clear: both\" \/>\n\t\t<\/div>\n\n<p>[\/vc_column_text][\/vc_column][\/vc_row][vc_row full_width=&#8221;stretch_row&#8221; css=&#8221;.vc_custom_1597907625695{padding-top: 50px !important;padding-bottom: 50px !important;}&#8221;][vc_column width=&#8221;1\/2&#8243; el_id=&#8221;contatto&#8221;]<div class=\"mgt-header-block clearfix text-left text-black wpb_content_element  mgt-header-block-style-2 mgt-header-texttransform-both  vc_custom_1598026843163\"><h2 class=\"mgt-header-block-title\">Anfrage informationen<\/h2><div class=\"mgt-header-line\"><\/div><\/div>[vc_column_text css_animation=&#8221;left-to-right&#8221;]F\u00fcr Informationen oder Anfragen zu &#8220;Corte Casara&#8221; von GFA Immobiliare geben Sie hier Ihre Daten ein.<br \/>\nSie werden so schnell wie m\u00f6glich kontaktiert.<\/p>\n<p>Felder, die mit einem Sternchen (*) versehen sind, m\u00fcssen ausgef\u00fcllt werden.[\/vc_column_text][\/vc_column][vc_column width=&#8221;1\/2&#8243;]\n<div class=\"wpcf7 no-js\" id=\"wpcf7-f4350-o1\" lang=\"it-IT\" dir=\"ltr\" data-wpcf7-id=\"4350\">\n<div class=\"screen-reader-response\"><p role=\"status\" aria-live=\"polite\" aria-atomic=\"true\"><\/p> <ul><\/ul><\/div>\n<form action=\"\/de\/wp-json\/wp\/v2\/pages\/4406#wpcf7-f4350-o1\" method=\"post\" class=\"wpcf7-form init\" aria-label=\"Modulo di contatto\" novalidate=\"novalidate\" data-status=\"init\">\n<fieldset class=\"hidden-fields-container\"><input type=\"hidden\" name=\"_wpcf7\" value=\"4350\" \/><input type=\"hidden\" name=\"_wpcf7_version\" value=\"6.1.5\" \/><input type=\"hidden\" name=\"_wpcf7_locale\" value=\"it_IT\" \/><input type=\"hidden\" name=\"_wpcf7_unit_tag\" value=\"wpcf7-f4350-o1\" \/><input type=\"hidden\" name=\"_wpcf7_container_post\" value=\"0\" \/><input type=\"hidden\" name=\"_wpcf7_posted_data_hash\" value=\"\" \/><input type=\"hidden\" name=\"_wpcf7cf_hidden_group_fields\" value=\"[]\" \/><input type=\"hidden\" name=\"_wpcf7cf_hidden_groups\" value=\"[]\" \/><input type=\"hidden\" name=\"_wpcf7cf_visible_groups\" value=\"[]\" \/><input type=\"hidden\" name=\"_wpcf7cf_repeaters\" value=\"[]\" \/><input type=\"hidden\" name=\"_wpcf7cf_steps\" value=\"{}\" \/><input type=\"hidden\" name=\"_wpcf7cf_options\" value=\"{&quot;form_id&quot;:4350,&quot;conditions&quot;:[{&quot;then_field&quot;:&quot;-1&quot;,&quot;and_rules&quot;:[{&quot;if_field&quot;:&quot;null&quot;,&quot;operator&quot;:&quot;equals&quot;,&quot;if_value&quot;:&quot;&quot;}]}],&quot;settings&quot;:{&quot;animation&quot;:&quot;yes&quot;,&quot;animation_intime&quot;:200,&quot;animation_outtime&quot;:200,&quot;conditions_ui&quot;:&quot;normal&quot;,&quot;notice_dismissed&quot;:false,&quot;notice_dismissed_update-cf7-5.8.1&quot;:true}}\" \/><input type=\"hidden\" name=\"_wpcf7_recaptcha_response\" value=\"\" \/>\n<\/fieldset>\n<div class=\"row\">\n\t<div class=\"col-md-6\">\n\t\t<p><span class=\"wpcf7-form-control-wrap\" data-name=\"gfa-nome\"><input size=\"40\" maxlength=\"400\" class=\"wpcf7-form-control wpcf7-text wpcf7-validates-as-required\" aria-required=\"true\" aria-invalid=\"false\" placeholder=\"Name und Nachname *\" value=\"\" type=\"text\" name=\"gfa-nome\" \/><\/span>\n\t\t<\/p>\n\t\t<p><span class=\"wpcf7-form-control-wrap\" data-name=\"gfa-email\"><input size=\"40\" maxlength=\"400\" class=\"wpcf7-form-control wpcf7-email wpcf7-validates-as-required wpcf7-text wpcf7-validates-as-email\" aria-required=\"true\" aria-invalid=\"false\" placeholder=\"Email *\" value=\"\" type=\"email\" name=\"gfa-email\" \/><\/span>\n\t\t<\/p>\n\t<\/div>\n\t<div class=\"col-md-6\">\n\t\t<p><span class=\"wpcf7-form-control-wrap\" data-name=\"gfa-tel\"><input size=\"40\" maxlength=\"400\" class=\"wpcf7-form-control wpcf7-text\" aria-invalid=\"false\" placeholder=\"Telefon\" value=\"\" type=\"text\" name=\"gfa-tel\" \/><\/span>\n\t\t<\/p>\n\t\t<p><span class=\"wpcf7-form-control-wrap\" data-name=\"gfa-oggetto\"><input size=\"40\" maxlength=\"400\" class=\"wpcf7-form-control wpcf7-text\" aria-invalid=\"false\" placeholder=\"Gegenstand der Anfrage\" value=\"\" type=\"text\" name=\"gfa-oggetto\" \/><\/span>\n\t\t<\/p>\n\t<\/div>\n\t<div class=\"col-md-12\">\n\t\t<p><span class=\"wpcf7-form-control-wrap\" data-name=\"gfa-messaggio\"><textarea cols=\"40\" rows=\"10\" maxlength=\"2000\" class=\"wpcf7-form-control wpcf7-textarea wpcf7-validates-as-required\" aria-required=\"true\" aria-invalid=\"false\" placeholder=\"Kommentare \/ Fragen *\" name=\"gfa-messaggio\"><\/textarea><\/span>\n\t\t<\/p>\n\t\t<p><span class=\"wpcf7-form-control-wrap\" data-name=\"gfa-privacy\"><span class=\"wpcf7-form-control wpcf7-acceptance\"><span class=\"wpcf7-list-item\"><label><input type=\"checkbox\" name=\"gfa-privacy\" value=\"1\" aria-invalid=\"false\" \/><span class=\"wpcf7-list-item-label\">Ich habe die <em><a href=\"https:\/\/gfaimmobiliare.it\/de\/privacy\/\" target=\"_blank\">Datenschutzerkl\u00e4rung<\/a> gelesen<\/em>. Ich stimme der Verarbeitung meiner Daten zu.<\/span><\/label><\/span><\/span><\/span>\n\t\t<\/p>\n\t\t<p><input class=\"wpcf7-form-control wpcf7-submit has-spinner\" type=\"submit\" value=\"Senden\" \/>\n\t\t<\/p>\n\t<\/div>\n<\/div><div class=\"wpcf7-response-output\" aria-hidden=\"true\"><\/div>\n<\/form>\n<\/div>\n[\/vc_column][\/vc_row][vc_row full_width=&#8221;stretch_row_content_no_spaces&#8221;][vc_column][sbs_wpb_openstreetmap map_style=&#8221;openstreetmap_de&#8221; map_height=&#8221;30&#8243; zoom=&#8221;16&#8243; ctrl_mouse_zoom=&#8221;true&#8221; show_attribution=&#8221;&#8221; latitude=&#8221;45.5755&#8243; longitude=&#8221;10.742023&#8243;][sbs_wpb_marker marker_source=&#8221;coordinates&#8221; marker_color=&#8221;green&#8221; marker_latitude=&#8221;45.5755&#8243; marker_longitude=&#8221;10.742023&#8243; marker_icon=&#8221;sbs-map-icon sbs-map-my-location&#8221;]<img loading=\"lazy\" decoding=\"async\" class=\"alignnone size-full wp-image-4127\" src=\"https:\/\/gfaimmobiliare.it\/wp-content\/uploads\/2020\/08\/corte_casara_logo.png\" alt=\"Corte Casara | GFA Immobiliare\" width=\"300\" height=\"134\" \/><br \/>\n<strong>Corte Casara<\/strong><br \/>\nCostermano (VR)[\/sbs_wpb_marker][\/sbs_wpb_openstreetmap][\/vc_column][\/vc_row]<\/p>\n<\/div>","protected":false},"excerpt":{"rendered":"<p>&#8230;<\/p>\n","protected":false},"author":2,"featured_media":0,"parent":3510,"menu_order":0,"comment_status":"closed","ping_status":"closed","template":"","meta":{"_seopress_robots_primary_cat":"","_seopress_titles_title":"Corte La Casara | Costermano (VR) | GFA Immobiliare","_seopress_titles_desc":"A Costermano sul Garda (VR) sono incominciate le prenotazioni per la &quot;Corte Casara&quot;, 13 appartamenti luxury con giardini, logge e piscina in una nuova corte con il sapore dell\u2019antico abbinate a caratteristiche moderne, immerse nel verde e con vista lago di Garda.","_seopress_robots_index":"","footnotes":""},"class_list":["post-4406","page","type-page","status-publish","hentry"],"_links":{"self":[{"href":"https:\/\/www.gfaimmobiliare.it\/de\/wp-json\/wp\/v2\/pages\/4406","targetHints":{"allow":["GET"]}}],"collection":[{"href":"https:\/\/www.gfaimmobiliare.it\/de\/wp-json\/wp\/v2\/pages"}],"about":[{"href":"https:\/\/www.gfaimmobiliare.it\/de\/wp-json\/wp\/v2\/types\/page"}],"author":[{"embeddable":true,"href":"https:\/\/www.gfaimmobiliare.it\/de\/wp-json\/wp\/v2\/users\/2"}],"replies":[{"embeddable":true,"href":"https:\/\/www.gfaimmobiliare.it\/de\/wp-json\/wp\/v2\/comments?post=4406"}],"version-history":[{"count":6,"href":"https:\/\/www.gfaimmobiliare.it\/de\/wp-json\/wp\/v2\/pages\/4406\/revisions"}],"predecessor-version":[{"id":4642,"href":"https:\/\/www.gfaimmobiliare.it\/de\/wp-json\/wp\/v2\/pages\/4406\/revisions\/4642"}],"up":[{"embeddable":true,"href":"https:\/\/www.gfaimmobiliare.it\/de\/wp-json\/wp\/v2\/pages\/3510"}],"wp:attachment":[{"href":"https:\/\/www.gfaimmobiliare.it\/de\/wp-json\/wp\/v2\/media?parent=4406"}],"curies":[{"name":"wp","href":"https:\/\/api.w.org\/{rel}","templated":true}]}}