{"id":3510,"date":"2018-12-04T18:15:45","date_gmt":"2018-12-04T17:15:45","guid":{"rendered":"http:\/\/gfaimmobiliare.it\/corte-casara-2\/"},"modified":"2022-08-31T15:31:06","modified_gmt":"2022-08-31T13:31:06","slug":"corte-casara","status":"publish","type":"page","link":"https:\/\/www.gfaimmobiliare.it\/de\/corte-casara\/","title":{"rendered":"Corte Casara &#8211; Costermano"},"content":{"rendered":"<div class=\"wpb-content-wrapper\"><p>[vc_row css=&#8221;.vc_custom_1596798133332{margin-right: -25px !important;margin-left: -25px !important;}&#8221;][vc_column][vc_video link=&#8221;https:\/\/vimeo.com\/323804260&#8243;][\/vc_column][\/vc_row][vc_row content_placement=&#8221;top&#8221; css=&#8221;.vc_custom_1596787156927{margin-top: 30px !important;}&#8221;][vc_column]<div class=\"mgt-header-block clearfix text-left text-black wpb_animate_when_almost_visible wpb_top-to-bottom wpb_content_element  mgt-header-block-style-2 mgt-header-texttransform-both \"><p class=\"mgt-header-block-subtitle\">Costermano sul Garda (VR)<\/p><h2 class=\"mgt-header-block-title\">Corte Casara<\/h2><div class=\"mgt-header-line\"><\/div><\/div>[vc_column_text css=&#8221;.vc_custom_1598026363243{margin-top: 50px !important;margin-bottom: 50px !important;}&#8221;]<\/p>\n<blockquote><p>Heute Abend h\u00e4tte ich k\u00f6nnen in Verona sein, aber es lag mir noch eine herrliche Naturwirkung an der Seite, ein k\u00f6stliches Schauspiel: der Gardasee<br \/>\n<em>Johann Wolfgang Goethe<\/em><\/p><\/blockquote>\n<p>[\/vc_column_text][\/vc_column][vc_column width=&#8221;1\/2&#8243;][vc_column_text]Das Konzept umfasst die Errichtung eines zeitlosen, soliden und behaglichen l\u00e4ndlichen Geb\u00e4udekomplexes, bei dem jedoch nicht auf zeitgem\u00e4\u00dfe Optik, Bedu\u0308rfnisse und Komfort verzichtet wird. Das Ganze liegt am Rande des Mor\u00e4nenbeckens, am Fu\u00dfe des sanften Hu\u0308gelprofils mit Blick auf den Gardasee und die Punta San Vigilio im Hintergrund. Historische Recherchen haben die architektonischen Entscheidungen so beeinflusst, dass das Ergebnis eine koh\u00e4rente Kontinuit\u00e4t mit der Landschaft des unmittelbaren Hinterlandes des Gardasees bildet, das reich an Olivenhainen und Weinbergen und mit alten Landh\u00e4usern u\u0308bers\u00e4t ist.<\/p>\n<p>Die klaren Formen und Volumen, die mit der Suche nach konstruktiven Details und dem Verzicht auf alle u\u0308berflu\u0308ssigen Elemente entstanden sind, machen das Geb\u00e4ude zeitgem\u00e4\u00df. Diese Ambivalenz erm\u00f6glicht, die Architektur von einer zeitlichen Zuordnung zu l\u00f6sen: <strong>CORTE CASARA<\/strong> ist gleichzeitig alt und modern, in ihrem Standort und dessen Besonderheiten verankert.<br \/>\nDas Vorhaben versucht nicht, in eklatanter Dissonanz zu sein oder das Alte zu reproduzieren, sondern erw\u00e4chst mit moderner Klarheit aus der historischen Substanz.<\/p>\n<p>Das Gebiet, in dem die <strong>CORTE CASARA<\/strong> gebaut wird, befindet sich innerhalb des kommunalen Raumordnungsplans \u201eCostermano sul Garda: Environmental Excellence\u201d mit Gesamtkosten von u\u0308ber 7 Millionen Euro. Einige Arbeiten sind bereits abgeschlossen und andere werden im Laufe des Jahres 2019 begonnen, womit 6 Themenparks, 20 km Rad- und Wanderwege, 25 Hektar umweltfreundlich genutzte Kulturlandschaft entstehen werden, die den gehobenen Tourismus in diesem herrlichen Hinterland des Gardasees st\u00e4rken und vermehren sollen.[\/vc_column_text][\/vc_column][vc_column width=&#8221;1\/2&#8243;][vc_column_text]<strong>Relevante technische Merkmale:<\/strong><\/p>\n<ul>\n<li>Solarthermieanlage zur Warmwasserbereitung;<\/li>\n<li>Niedertemperatur-Fu\u00dfbodenheizung;<\/li>\n<li>Fu\u00dfbodenku\u0308hlung;<\/li>\n<li>W\u00e4rmepumpen;<\/li>\n<li>Luftentfeuchtung mit Ku\u0308hlfunktion;<\/li>\n<li>Zentrale Photovoltaikanlage zur Stromerzeugung;<\/li>\n<li>Automatisches Bew\u00e4sserungssystem;<\/li>\n<li>Hausautomation; Vorbereitung fu\u0308r Alarmanlage mit Sensoren an Fenstern und Tu\u0308ren;<\/li>\n<li>Einbruchsichere Fenster und Tu\u0308ren;<\/li>\n<li>Elektrische Verdunkelungssysteme;<\/li>\n<li>Gemeinschaftspool mit Salzelektrolyse;<\/li>\n<li>Hochwertige Fertigungen und sorgf\u00e4ltig ausgew\u00e4hlte Materialien sorgen fu\u0308r umweltvertr\u00e4glichen Komfort und exzellente Optik.<\/li>\n<\/ul>\n<p>[\/vc_column_text][\/vc_column][\/vc_row][vc_row css=&#8221;.vc_custom_1462525906878{margin-top: 30px !important;}&#8221;][vc_column]<div class=\"mgt-header-block clearfix text-left text-black wpb_animate_when_almost_visible wpb_top-to-bottom wpb_content_element  mgt-header-block-style-2 mgt-header-texttransform-header \"><h2 class=\"mgt-header-block-title\">Die Zahlen<\/h2><div class=\"mgt-header-line\"><\/div><\/div>[\/vc_column][vc_column width=&#8221;1\/4&#8243;]<div class=\"mgt-icon-box wpb_content_element mgt-icon-box-right mgt-icon-image text-black \"><div class=\"mgt-icon-box-icon hvr-icon-push\"><img decoding=\"async\" src=\"https:\/\/www.gfaimmobiliare.it\/wp-content\/uploads\/2016\/03\/place.svg\" alt=\"Costermano sul Garda (VR)\" \/><\/div><div class=\"mgt-icon-box-content\"><h6>LOKALIT\u00c4T<\/h6><h5>Costermano sul Garda (VR)<\/h5><\/div><div class=\"clearfix\"><\/div><\/div>[\/vc_column][vc_column width=&#8221;1\/4&#8243;]<div class=\"mgt-icon-box wpb_content_element mgt-icon-box-right mgt-icon-image text-black \"><div class=\"mgt-icon-box-icon hvr-icon-push\"><img decoding=\"async\" src=\"https:\/\/www.gfaimmobiliare.it\/wp-content\/uploads\/2016\/03\/calendar.svg\" alt=\"2019\" \/><\/div><div class=\"mgt-icon-box-content\"><h6>JAHR<\/h6><h5>2019<\/h5><\/div><div class=\"clearfix\"><\/div><\/div>[\/vc_column][vc_column width=&#8221;1\/4&#8243;]<div class=\"mgt-icon-box wpb_content_element mgt-icon-box-right mgt-icon-image text-black \"><div class=\"mgt-icon-box-icon hvr-icon-push\"><img decoding=\"async\" src=\"https:\/\/www.gfaimmobiliare.it\/wp-content\/uploads\/2020\/08\/blueprint.svg\" alt=\"13 Wohnungen\" \/><\/div><div class=\"mgt-icon-box-content\"><h6>KONSTRUKTION<\/h6><h5>13 Wohnungen<\/h5><\/div><div class=\"clearfix\"><\/div><\/div>[\/vc_column][vc_column width=&#8221;1\/4&#8243;]<div class=\"mgt-icon-box wpb_content_element mgt-icon-box-right mgt-icon-image text-black \"><div class=\"mgt-icon-box-icon hvr-icon-push\"><img decoding=\"async\" src=\"https:\/\/www.gfaimmobiliare.it\/wp-content\/uploads\/2020\/08\/giardino.svg\" alt=\"7 Wohnungen mit Garten\" \/><\/div><div class=\"mgt-icon-box-content\"><h6>GARTEN<\/h6><h5>7 Wohnungen mit Garten<\/h5><\/div><div class=\"clearfix\"><\/div><\/div>[\/vc_column][\/vc_row][vc_row css=&#8221;.vc_custom_1490192364957{margin-top: 30px !important;}&#8221;][vc_column]<div class=\"mgt-header-block clearfix text-left text-black wpb_animate_when_almost_visible wpb_top-to-bottom wpb_content_element  mgt-header-block-style-2 mgt-header-texttransform-header \"><h2 class=\"mgt-header-block-title\">Verkaufte Wohnungen<\/h2><div class=\"mgt-header-line\"><\/div><\/div>[\/vc_column][vc_column width=&#8221;1\/4&#8243; el_class=&#8221;sidebar-camilla&#8221;][vc_single_image image=&#8221;3205&#8243; img_size=&#8221;full&#8221; alignment=&#8221;center&#8221; onclick=&#8221;custom_link&#8221; link=&#8221;apartment-1\/&#8221;][vc_column_text]<\/p>\n<h4 class=\"centrato\"><a href=\"apartment-1\/\">Apartment 1<\/a><\/h4>\n<p>[\/vc_column_text][\/vc_column][vc_column width=&#8221;1\/4&#8243;][vc_single_image image=&#8221;3237&#8243; img_size=&#8221;full&#8221; alignment=&#8221;center&#8221; onclick=&#8221;custom_link&#8221; link=&#8221;apartment-2\/&#8221;][vc_column_text]<\/p>\n<h4 class=\"centrato\"><a href=\"apartment-2\/\">Apartment\u00a02<\/a><\/h4>\n<p>[\/vc_column_text][\/vc_column][vc_column width=&#8221;1\/4&#8243;][vc_single_image image=&#8221;3184&#8243; img_size=&#8221;full&#8221; alignment=&#8221;center&#8221; onclick=&#8221;custom_link&#8221; link=&#8221;apartment-3\/&#8221;][vc_column_text]<\/p>\n<h4 class=\"centrato\"><a href=\"apartment-3\/\">Apartment\u00a03<\/a><\/h4>\n<p>[\/vc_column_text][\/vc_column][vc_column width=&#8221;1\/4&#8243;][vc_single_image image=&#8221;3185&#8243; img_size=&#8221;full&#8221; alignment=&#8221;center&#8221; onclick=&#8221;custom_link&#8221; link=&#8221;apartment-4\/&#8221;][vc_column_text]<\/p>\n<h4 class=\"centrato\"><a href=\"apartment-4\/\">Apartment\u00a04<\/a><\/h4>\n<p>[\/vc_column_text][\/vc_column][vc_column width=&#8221;1\/4&#8243;][vc_single_image image=&#8221;3206&#8243; img_size=&#8221;full&#8221; alignment=&#8221;center&#8221; onclick=&#8221;custom_link&#8221; link=&#8221;apartment-5\/&#8221;][vc_column_text]<\/p>\n<h4 class=\"centrato\"><a href=\"apartment-5\/\">Apartment\u00a05<\/a><\/h4>\n<p>[\/vc_column_text][\/vc_column][vc_column width=&#8221;1\/4&#8243;][vc_single_image image=&#8221;4424&#8243; img_size=&#8221;full&#8221; alignment=&#8221;center&#8221; onclick=&#8221;custom_link&#8221; link=&#8221;apartment-6\/&#8221;][vc_column_text]<\/p>\n<h4 class=\"centrato\"><a href=\"apartment-6\/\">Apartment\u00a06<\/a><\/h4>\n<p>[\/vc_column_text][\/vc_column][vc_column width=&#8221;1\/4&#8243;][vc_single_image image=&#8221;5080&#8243; img_size=&#8221;full&#8221; alignment=&#8221;center&#8221; onclick=&#8221;custom_link&#8221; link=&#8221;apartment-7\/&#8221;][vc_column_text]<\/p>\n<h4 class=\"centrato\"><a href=\"apartment-7\/\">Apartment\u00a07<\/a><\/h4>\n<p>[\/vc_column_text][\/vc_column][vc_column width=&#8221;1\/4&#8243;][vc_single_image image=&#8221;3207&#8243; img_size=&#8221;full&#8221; alignment=&#8221;center&#8221; onclick=&#8221;custom_link&#8221; link=&#8221;apartment-8\/&#8221;][vc_column_text]<\/p>\n<h4 class=\"centrato\"><a href=\"apartment-8\/\">Apartment\u00a08<\/a><\/h4>\n<p>[\/vc_column_text][\/vc_column][vc_column width=&#8221;1\/4&#8243;][vc_single_image image=&#8221;3272&#8243; img_size=&#8221;full&#8221; alignment=&#8221;center&#8221; onclick=&#8221;custom_link&#8221; link=&#8221;apartment-9\/&#8221;][vc_column_text]<\/p>\n<h4 class=\"centrato\"><a href=\"apartment-9\/\">Apartment\u00a09<\/a><\/h4>\n<p>[\/vc_column_text][\/vc_column][vc_column width=&#8221;1\/4&#8243;][vc_single_image image=&#8221;5226&#8243; img_size=&#8221;full&#8221; alignment=&#8221;center&#8221; onclick=&#8221;custom_link&#8221; link=&#8221;apartment-10\/&#8221;][vc_column_text]<\/p>\n<h4 class=\"centrato\"><a href=\"apartment-10\/\">Apartment 10<\/a><\/h4>\n<p>[\/vc_column_text][\/vc_column][vc_column width=&#8221;1\/4&#8243;][vc_single_image image=&#8221;4422&#8243; img_size=&#8221;full&#8221; alignment=&#8221;center&#8221; onclick=&#8221;custom_link&#8221; link=&#8221;apartment-11\/&#8221;][vc_column_text]<\/p>\n<h4 class=\"centrato\"><a href=\"apartment-11\/\">Apartment\u00a011<\/a><\/h4>\n<p>[\/vc_column_text][\/vc_column][vc_column width=&#8221;1\/4&#8243;][vc_single_image image=&#8221;3386&#8243; img_size=&#8221;full&#8221; alignment=&#8221;center&#8221; onclick=&#8221;custom_link&#8221; link=&#8221;apartment-12\/&#8221;][vc_column_text]<\/p>\n<h4 class=\"centrato\"><a href=\"apartment-12\/\">Apartment\u00a012<\/a><\/h4>\n<p>[\/vc_column_text][\/vc_column][vc_column width=&#8221;1\/4&#8243;][vc_single_image image=&#8221;4894&#8243; img_size=&#8221;full&#8221; alignment=&#8221;center&#8221; onclick=&#8221;custom_link&#8221; link=&#8221;apartment-13\/&#8221;][vc_column_text]<\/p>\n<h4 class=\"centrato\"><a href=\"apartment-13\/\">Apartment\u00a013<\/a><\/h4>\n<p>[\/vc_column_text][\/vc_column][vc_column width=&#8221;1\/4&#8243;][\/vc_column][vc_column width=&#8221;1\/4&#8243;][\/vc_column][vc_column width=&#8221;1\/4&#8243;][\/vc_column][\/vc_row][vc_row full_width=&#8221;stretch_row&#8221; css=&#8221;.vc_custom_1463480863149{background-color: #1c2126 !important;}&#8221;][vc_column]<div class=\"mgt-cta-block clearfix white-text with-text no-side-paddings wpb_content_element\" data-style=\"background-color: ;\"><div class=\"mgt-button-wrapper mgt-button-wrapper-align-right mgt-button-wrapper-display-newline mgt-button-top-margin-disable\"><a class=\"btn hvr-sweep-to-right mgt-button mgt-style-solid mgt-size-normal mgt-align-right mgt-display-newline mgt-text-size-normal mgt-button-icon-position-left mgt-text-transform-uppercase \" href=\"#contatto\"><i class=\"fa fa-file-text-o\"><\/i>Kontaktiere uns<\/a><\/div><h5 class=\"mgt-cta-block-header\">Anfrage Informationen<\/h5><div class=\"mgt-cta-block-content\">Wenden Sie sich an GFA Immobiliare, um Informationen zu den neuesten verf\u00fcgbaren Apartments zu erhalten!<\/div><\/div>[\/vc_column][\/vc_row][vc_row full_width=&#8221;stretch_row_content_no_spaces&#8221;][vc_column][sbs_wpb_openstreetmap map_style=&#8221;openstreetmap_de&#8221; map_height=&#8221;30&#8243; zoom=&#8221;16&#8243; ctrl_mouse_zoom=&#8221;true&#8221; show_attribution=&#8221;&#8221; latitude=&#8221;45.5755&#8243; longitude=&#8221;10.742023&#8243;][sbs_wpb_marker marker_source=&#8221;coordinates&#8221; marker_color=&#8221;green&#8221; marker_latitude=&#8221;45.5755&#8243; marker_longitude=&#8221;10.742023&#8243; marker_icon=&#8221;sbs-map-icon sbs-map-my-location&#8221;]<img loading=\"lazy\" decoding=\"async\" class=\"alignnone size-full wp-image-4128\" src=\"https:\/\/gfaimmobiliare.it\/wp-content\/uploads\/2020\/08\/corte_casara_logo.png\" alt=\"Corte Casara | GFA Immobiliare\" width=\"300\" height=\"134\" \/><br \/>\n<strong>Corte Casara<\/strong><br \/>\nCostermano (VR)[\/sbs_wpb_marker][\/sbs_wpb_openstreetmap][\/vc_column][\/vc_row][vc_row css=&#8221;.vc_custom_1597907881173{margin-top: 50px !important;}&#8221;][vc_column]<div class=\"mgt-header-block clearfix text-left text-black wpb_animate_when_almost_visible wpb_top-to-bottom wpb_content_element  mgt-header-block-style-2 mgt-header-texttransform-header \"><h2 class=\"mgt-header-block-title\">Fotogallerie<\/h2><div class=\"mgt-header-line\"><\/div><\/div>[vc_column_text]<\/p>\n\n\t\t<style type=\"text\/css\">\n\t\t\t#gallery-1 {\n\t\t\t\tmargin: auto;\n\t\t\t}\n\t\t\t#gallery-1 .gallery-item {\n\t\t\t\tfloat: left;\n\t\t\t\tmargin-top: 10px;\n\t\t\t\ttext-align: center;\n\t\t\t\twidth: 33%;\n\t\t\t}\n\t\t\t#gallery-1 img {\n\t\t\t\tborder: 2px solid #cfcfcf;\n\t\t\t}\n\t\t\t#gallery-1 .gallery-caption {\n\t\t\t\tmargin-left: 0;\n\t\t\t}\n\t\t\t\/* see gallery_shortcode() in wp-includes\/media.php *\/\n\t\t<\/style>\n\t\t<div id='gallery-1' class='gallery galleryid-3510 gallery-columns-3 gallery-size-thumbnail'><dl class='gallery-item'>\n\t\t\t<dt class='gallery-icon landscape'>\n\t\t\t\t<a href='https:\/\/www.gfaimmobiliare.it\/wp-content\/uploads\/2022\/08\/cc_01-1.jpg'><img loading=\"lazy\" decoding=\"async\" width=\"150\" height=\"150\" src=\"https:\/\/www.gfaimmobiliare.it\/wp-content\/uploads\/2022\/08\/cc_01-1-150x150.jpg\" class=\"attachment-thumbnail size-thumbnail\" alt=\"GFA Immobiliare | Corte Casara | Costermano (VR)\" srcset=\"https:\/\/www.gfaimmobiliare.it\/wp-content\/uploads\/2022\/08\/cc_01-1-150x150.jpg 150w, https:\/\/www.gfaimmobiliare.it\/wp-content\/uploads\/2022\/08\/cc_01-1-1024x1024.jpg 1024w, https:\/\/www.gfaimmobiliare.it\/wp-content\/uploads\/2022\/08\/cc_01-1-100x100.jpg 100w, https:\/\/www.gfaimmobiliare.it\/wp-content\/uploads\/2022\/08\/cc_01-1-40x40.jpg 40w\" sizes=\"auto, (max-width: 150px) 100vw, 150px\" \/><\/a>\n\t\t\t<\/dt><\/dl><dl class='gallery-item'>\n\t\t\t<dt class='gallery-icon landscape'>\n\t\t\t\t<a href='https:\/\/www.gfaimmobiliare.it\/wp-content\/uploads\/2022\/08\/cc_18-1.jpg'><img loading=\"lazy\" decoding=\"async\" width=\"150\" height=\"150\" src=\"https:\/\/www.gfaimmobiliare.it\/wp-content\/uploads\/2022\/08\/cc_18-1-150x150.jpg\" class=\"attachment-thumbnail size-thumbnail\" alt=\"GFA Immobiliare | Corte Casara | Costermano (VR)\" srcset=\"https:\/\/www.gfaimmobiliare.it\/wp-content\/uploads\/2022\/08\/cc_18-1-150x150.jpg 150w, https:\/\/www.gfaimmobiliare.it\/wp-content\/uploads\/2022\/08\/cc_18-1-1024x1024.jpg 1024w, https:\/\/www.gfaimmobiliare.it\/wp-content\/uploads\/2022\/08\/cc_18-1-100x100.jpg 100w, https:\/\/www.gfaimmobiliare.it\/wp-content\/uploads\/2022\/08\/cc_18-1-40x40.jpg 40w\" sizes=\"auto, (max-width: 150px) 100vw, 150px\" \/><\/a>\n\t\t\t<\/dt><\/dl><dl class='gallery-item'>\n\t\t\t<dt class='gallery-icon landscape'>\n\t\t\t\t<a href='https:\/\/www.gfaimmobiliare.it\/wp-content\/uploads\/2022\/08\/cc_17-1.jpg'><img loading=\"lazy\" decoding=\"async\" width=\"150\" height=\"150\" src=\"https:\/\/www.gfaimmobiliare.it\/wp-content\/uploads\/2022\/08\/cc_17-1-150x150.jpg\" class=\"attachment-thumbnail size-thumbnail\" alt=\"GFA Immobiliare | Corte Casara | Costermano (VR)\" srcset=\"https:\/\/www.gfaimmobiliare.it\/wp-content\/uploads\/2022\/08\/cc_17-1-150x150.jpg 150w, https:\/\/www.gfaimmobiliare.it\/wp-content\/uploads\/2022\/08\/cc_17-1-1024x1024.jpg 1024w, https:\/\/www.gfaimmobiliare.it\/wp-content\/uploads\/2022\/08\/cc_17-1-100x100.jpg 100w, https:\/\/www.gfaimmobiliare.it\/wp-content\/uploads\/2022\/08\/cc_17-1-40x40.jpg 40w\" sizes=\"auto, (max-width: 150px) 100vw, 150px\" \/><\/a>\n\t\t\t<\/dt><\/dl><br style=\"clear: both\" \/><dl class='gallery-item'>\n\t\t\t<dt class='gallery-icon landscape'>\n\t\t\t\t<a href='https:\/\/www.gfaimmobiliare.it\/wp-content\/uploads\/2022\/08\/cc_16-1.jpg'><img loading=\"lazy\" decoding=\"async\" width=\"150\" height=\"150\" src=\"https:\/\/www.gfaimmobiliare.it\/wp-content\/uploads\/2022\/08\/cc_16-1-150x150.jpg\" class=\"attachment-thumbnail size-thumbnail\" alt=\"GFA Immobiliare | Corte Casara | Costermano (VR)\" srcset=\"https:\/\/www.gfaimmobiliare.it\/wp-content\/uploads\/2022\/08\/cc_16-1-150x150.jpg 150w, https:\/\/www.gfaimmobiliare.it\/wp-content\/uploads\/2022\/08\/cc_16-1-1024x1024.jpg 1024w, https:\/\/www.gfaimmobiliare.it\/wp-content\/uploads\/2022\/08\/cc_16-1-100x100.jpg 100w, https:\/\/www.gfaimmobiliare.it\/wp-content\/uploads\/2022\/08\/cc_16-1-40x40.jpg 40w\" sizes=\"auto, (max-width: 150px) 100vw, 150px\" \/><\/a>\n\t\t\t<\/dt><\/dl><dl class='gallery-item'>\n\t\t\t<dt class='gallery-icon landscape'>\n\t\t\t\t<a href='https:\/\/www.gfaimmobiliare.it\/wp-content\/uploads\/2022\/08\/cc_15-1.jpg'><img loading=\"lazy\" decoding=\"async\" width=\"150\" height=\"150\" src=\"https:\/\/www.gfaimmobiliare.it\/wp-content\/uploads\/2022\/08\/cc_15-1-150x150.jpg\" class=\"attachment-thumbnail size-thumbnail\" alt=\"GFA Immobiliare | Corte Casara | Costermano (VR)\" srcset=\"https:\/\/www.gfaimmobiliare.it\/wp-content\/uploads\/2022\/08\/cc_15-1-150x150.jpg 150w, https:\/\/www.gfaimmobiliare.it\/wp-content\/uploads\/2022\/08\/cc_15-1-1024x1024.jpg 1024w, https:\/\/www.gfaimmobiliare.it\/wp-content\/uploads\/2022\/08\/cc_15-1-100x100.jpg 100w, https:\/\/www.gfaimmobiliare.it\/wp-content\/uploads\/2022\/08\/cc_15-1-40x40.jpg 40w\" sizes=\"auto, (max-width: 150px) 100vw, 150px\" \/><\/a>\n\t\t\t<\/dt><\/dl><dl class='gallery-item'>\n\t\t\t<dt class='gallery-icon landscape'>\n\t\t\t\t<a href='https:\/\/www.gfaimmobiliare.it\/wp-content\/uploads\/2022\/08\/cc_14-1.jpg'><img loading=\"lazy\" decoding=\"async\" width=\"150\" height=\"150\" src=\"https:\/\/www.gfaimmobiliare.it\/wp-content\/uploads\/2022\/08\/cc_14-1-150x150.jpg\" class=\"attachment-thumbnail size-thumbnail\" alt=\"GFA Immobiliare | Corte Casara | Costermano (VR)\" srcset=\"https:\/\/www.gfaimmobiliare.it\/wp-content\/uploads\/2022\/08\/cc_14-1-150x150.jpg 150w, https:\/\/www.gfaimmobiliare.it\/wp-content\/uploads\/2022\/08\/cc_14-1-1024x1024.jpg 1024w, https:\/\/www.gfaimmobiliare.it\/wp-content\/uploads\/2022\/08\/cc_14-1-100x100.jpg 100w, https:\/\/www.gfaimmobiliare.it\/wp-content\/uploads\/2022\/08\/cc_14-1-40x40.jpg 40w\" sizes=\"auto, (max-width: 150px) 100vw, 150px\" \/><\/a>\n\t\t\t<\/dt><\/dl><br style=\"clear: both\" \/><dl class='gallery-item'>\n\t\t\t<dt class='gallery-icon landscape'>\n\t\t\t\t<a href='https:\/\/www.gfaimmobiliare.it\/wp-content\/uploads\/2022\/08\/cc_13-1.jpg'><img loading=\"lazy\" decoding=\"async\" width=\"150\" height=\"150\" src=\"https:\/\/www.gfaimmobiliare.it\/wp-content\/uploads\/2022\/08\/cc_13-1-150x150.jpg\" class=\"attachment-thumbnail size-thumbnail\" alt=\"GFA Immobiliare | Corte Casara | Costermano (VR)\" srcset=\"https:\/\/www.gfaimmobiliare.it\/wp-content\/uploads\/2022\/08\/cc_13-1-150x150.jpg 150w, https:\/\/www.gfaimmobiliare.it\/wp-content\/uploads\/2022\/08\/cc_13-1-1024x1024.jpg 1024w, https:\/\/www.gfaimmobiliare.it\/wp-content\/uploads\/2022\/08\/cc_13-1-100x100.jpg 100w, https:\/\/www.gfaimmobiliare.it\/wp-content\/uploads\/2022\/08\/cc_13-1-40x40.jpg 40w\" sizes=\"auto, (max-width: 150px) 100vw, 150px\" \/><\/a>\n\t\t\t<\/dt><\/dl><dl class='gallery-item'>\n\t\t\t<dt class='gallery-icon landscape'>\n\t\t\t\t<a href='https:\/\/www.gfaimmobiliare.it\/wp-content\/uploads\/2022\/08\/cc_12-1.jpg'><img loading=\"lazy\" decoding=\"async\" width=\"150\" height=\"150\" src=\"https:\/\/www.gfaimmobiliare.it\/wp-content\/uploads\/2022\/08\/cc_12-1-150x150.jpg\" class=\"attachment-thumbnail size-thumbnail\" alt=\"GFA Immobiliare | Corte Casara | Costermano (VR)\" srcset=\"https:\/\/www.gfaimmobiliare.it\/wp-content\/uploads\/2022\/08\/cc_12-1-150x150.jpg 150w, https:\/\/www.gfaimmobiliare.it\/wp-content\/uploads\/2022\/08\/cc_12-1-1024x1024.jpg 1024w, https:\/\/www.gfaimmobiliare.it\/wp-content\/uploads\/2022\/08\/cc_12-1-100x100.jpg 100w, https:\/\/www.gfaimmobiliare.it\/wp-content\/uploads\/2022\/08\/cc_12-1-40x40.jpg 40w\" sizes=\"auto, (max-width: 150px) 100vw, 150px\" \/><\/a>\n\t\t\t<\/dt><\/dl><dl class='gallery-item'>\n\t\t\t<dt class='gallery-icon landscape'>\n\t\t\t\t<a href='https:\/\/www.gfaimmobiliare.it\/wp-content\/uploads\/2022\/08\/cc_09-1.jpg'><img loading=\"lazy\" decoding=\"async\" width=\"150\" height=\"150\" src=\"https:\/\/www.gfaimmobiliare.it\/wp-content\/uploads\/2022\/08\/cc_09-1-150x150.jpg\" class=\"attachment-thumbnail size-thumbnail\" alt=\"GFA Immobiliare | Corte Casara | Costermano (VR)\" srcset=\"https:\/\/www.gfaimmobiliare.it\/wp-content\/uploads\/2022\/08\/cc_09-1-150x150.jpg 150w, https:\/\/www.gfaimmobiliare.it\/wp-content\/uploads\/2022\/08\/cc_09-1-1024x1024.jpg 1024w, https:\/\/www.gfaimmobiliare.it\/wp-content\/uploads\/2022\/08\/cc_09-1-100x100.jpg 100w, https:\/\/www.gfaimmobiliare.it\/wp-content\/uploads\/2022\/08\/cc_09-1-40x40.jpg 40w\" sizes=\"auto, (max-width: 150px) 100vw, 150px\" \/><\/a>\n\t\t\t<\/dt><\/dl><br style=\"clear: both\" \/><dl class='gallery-item'>\n\t\t\t<dt class='gallery-icon landscape'>\n\t\t\t\t<a href='https:\/\/www.gfaimmobiliare.it\/wp-content\/uploads\/2022\/08\/cc_08-1.jpg'><img loading=\"lazy\" decoding=\"async\" width=\"150\" height=\"150\" src=\"https:\/\/www.gfaimmobiliare.it\/wp-content\/uploads\/2022\/08\/cc_08-1-150x150.jpg\" class=\"attachment-thumbnail size-thumbnail\" alt=\"GFA Immobiliare | Corte Casara | Costermano (VR)\" srcset=\"https:\/\/www.gfaimmobiliare.it\/wp-content\/uploads\/2022\/08\/cc_08-1-150x150.jpg 150w, https:\/\/www.gfaimmobiliare.it\/wp-content\/uploads\/2022\/08\/cc_08-1-1024x1024.jpg 1024w, https:\/\/www.gfaimmobiliare.it\/wp-content\/uploads\/2022\/08\/cc_08-1-100x100.jpg 100w, https:\/\/www.gfaimmobiliare.it\/wp-content\/uploads\/2022\/08\/cc_08-1-40x40.jpg 40w\" sizes=\"auto, (max-width: 150px) 100vw, 150px\" \/><\/a>\n\t\t\t<\/dt><\/dl><dl class='gallery-item'>\n\t\t\t<dt class='gallery-icon landscape'>\n\t\t\t\t<a href='https:\/\/www.gfaimmobiliare.it\/wp-content\/uploads\/2022\/08\/cc_07-1.jpg'><img loading=\"lazy\" decoding=\"async\" width=\"150\" height=\"150\" src=\"https:\/\/www.gfaimmobiliare.it\/wp-content\/uploads\/2022\/08\/cc_07-1-150x150.jpg\" class=\"attachment-thumbnail size-thumbnail\" alt=\"GFA Immobiliare | Corte Casara | Costermano (VR)\" srcset=\"https:\/\/www.gfaimmobiliare.it\/wp-content\/uploads\/2022\/08\/cc_07-1-150x150.jpg 150w, https:\/\/www.gfaimmobiliare.it\/wp-content\/uploads\/2022\/08\/cc_07-1-1024x1024.jpg 1024w, https:\/\/www.gfaimmobiliare.it\/wp-content\/uploads\/2022\/08\/cc_07-1-100x100.jpg 100w, https:\/\/www.gfaimmobiliare.it\/wp-content\/uploads\/2022\/08\/cc_07-1-40x40.jpg 40w\" sizes=\"auto, (max-width: 150px) 100vw, 150px\" \/><\/a>\n\t\t\t<\/dt><\/dl><dl class='gallery-item'>\n\t\t\t<dt class='gallery-icon landscape'>\n\t\t\t\t<a href='https:\/\/www.gfaimmobiliare.it\/wp-content\/uploads\/2022\/08\/cc_06-1.jpg'><img loading=\"lazy\" decoding=\"async\" width=\"150\" height=\"150\" src=\"https:\/\/www.gfaimmobiliare.it\/wp-content\/uploads\/2022\/08\/cc_06-1-150x150.jpg\" class=\"attachment-thumbnail size-thumbnail\" alt=\"GFA Immobiliare | Corte Casara | Costermano (VR)\" srcset=\"https:\/\/www.gfaimmobiliare.it\/wp-content\/uploads\/2022\/08\/cc_06-1-150x150.jpg 150w, https:\/\/www.gfaimmobiliare.it\/wp-content\/uploads\/2022\/08\/cc_06-1-1024x1024.jpg 1024w, https:\/\/www.gfaimmobiliare.it\/wp-content\/uploads\/2022\/08\/cc_06-1-100x100.jpg 100w, https:\/\/www.gfaimmobiliare.it\/wp-content\/uploads\/2022\/08\/cc_06-1-40x40.jpg 40w\" sizes=\"auto, (max-width: 150px) 100vw, 150px\" \/><\/a>\n\t\t\t<\/dt><\/dl><br style=\"clear: both\" \/><dl class='gallery-item'>\n\t\t\t<dt class='gallery-icon landscape'>\n\t\t\t\t<a href='https:\/\/www.gfaimmobiliare.it\/wp-content\/uploads\/2022\/08\/cc_05-1.jpg'><img loading=\"lazy\" decoding=\"async\" width=\"150\" height=\"150\" src=\"https:\/\/www.gfaimmobiliare.it\/wp-content\/uploads\/2022\/08\/cc_05-1-150x150.jpg\" class=\"attachment-thumbnail size-thumbnail\" alt=\"GFA Immobiliare | Corte Casara | Costermano (VR)\" srcset=\"https:\/\/www.gfaimmobiliare.it\/wp-content\/uploads\/2022\/08\/cc_05-1-150x150.jpg 150w, https:\/\/www.gfaimmobiliare.it\/wp-content\/uploads\/2022\/08\/cc_05-1-1024x1024.jpg 1024w, https:\/\/www.gfaimmobiliare.it\/wp-content\/uploads\/2022\/08\/cc_05-1-100x100.jpg 100w, https:\/\/www.gfaimmobiliare.it\/wp-content\/uploads\/2022\/08\/cc_05-1-40x40.jpg 40w\" sizes=\"auto, (max-width: 150px) 100vw, 150px\" \/><\/a>\n\t\t\t<\/dt><\/dl><dl class='gallery-item'>\n\t\t\t<dt class='gallery-icon landscape'>\n\t\t\t\t<a href='https:\/\/www.gfaimmobiliare.it\/wp-content\/uploads\/2022\/08\/cc_04-1.jpg'><img loading=\"lazy\" decoding=\"async\" width=\"150\" height=\"150\" src=\"https:\/\/www.gfaimmobiliare.it\/wp-content\/uploads\/2022\/08\/cc_04-1-150x150.jpg\" class=\"attachment-thumbnail size-thumbnail\" alt=\"GFA Immobiliare | Corte Casara | Costermano (VR)\" srcset=\"https:\/\/www.gfaimmobiliare.it\/wp-content\/uploads\/2022\/08\/cc_04-1-150x150.jpg 150w, https:\/\/www.gfaimmobiliare.it\/wp-content\/uploads\/2022\/08\/cc_04-1-1024x1024.jpg 1024w, https:\/\/www.gfaimmobiliare.it\/wp-content\/uploads\/2022\/08\/cc_04-1-100x100.jpg 100w, https:\/\/www.gfaimmobiliare.it\/wp-content\/uploads\/2022\/08\/cc_04-1-40x40.jpg 40w\" sizes=\"auto, (max-width: 150px) 100vw, 150px\" \/><\/a>\n\t\t\t<\/dt><\/dl><dl class='gallery-item'>\n\t\t\t<dt class='gallery-icon portrait'>\n\t\t\t\t<a href='https:\/\/www.gfaimmobiliare.it\/wp-content\/uploads\/2022\/08\/cc_28-1.jpg'><img loading=\"lazy\" decoding=\"async\" width=\"150\" height=\"150\" src=\"https:\/\/www.gfaimmobiliare.it\/wp-content\/uploads\/2022\/08\/cc_28-1-150x150.jpg\" class=\"attachment-thumbnail size-thumbnail\" alt=\"GFA Immobiliare | Corte Casara | Costermano (VR)\" srcset=\"https:\/\/www.gfaimmobiliare.it\/wp-content\/uploads\/2022\/08\/cc_28-1-150x150.jpg 150w, https:\/\/www.gfaimmobiliare.it\/wp-content\/uploads\/2022\/08\/cc_28-1-1024x1024.jpg 1024w, https:\/\/www.gfaimmobiliare.it\/wp-content\/uploads\/2022\/08\/cc_28-1-100x100.jpg 100w, https:\/\/www.gfaimmobiliare.it\/wp-content\/uploads\/2022\/08\/cc_28-1-40x40.jpg 40w\" sizes=\"auto, (max-width: 150px) 100vw, 150px\" \/><\/a>\n\t\t\t<\/dt><\/dl><br style=\"clear: both\" \/><dl class='gallery-item'>\n\t\t\t<dt class='gallery-icon landscape'>\n\t\t\t\t<a href='https:\/\/www.gfaimmobiliare.it\/wp-content\/uploads\/2022\/08\/cc_03-1.jpg'><img loading=\"lazy\" decoding=\"async\" width=\"150\" height=\"150\" src=\"https:\/\/www.gfaimmobiliare.it\/wp-content\/uploads\/2022\/08\/cc_03-1-150x150.jpg\" class=\"attachment-thumbnail size-thumbnail\" alt=\"GFA Immobiliare | Corte Casara | Costermano (VR)\" srcset=\"https:\/\/www.gfaimmobiliare.it\/wp-content\/uploads\/2022\/08\/cc_03-1-150x150.jpg 150w, https:\/\/www.gfaimmobiliare.it\/wp-content\/uploads\/2022\/08\/cc_03-1-1024x1024.jpg 1024w, https:\/\/www.gfaimmobiliare.it\/wp-content\/uploads\/2022\/08\/cc_03-1-100x100.jpg 100w, https:\/\/www.gfaimmobiliare.it\/wp-content\/uploads\/2022\/08\/cc_03-1-40x40.jpg 40w\" sizes=\"auto, (max-width: 150px) 100vw, 150px\" \/><\/a>\n\t\t\t<\/dt><\/dl><dl class='gallery-item'>\n\t\t\t<dt class='gallery-icon landscape'>\n\t\t\t\t<a href='https:\/\/www.gfaimmobiliare.it\/wp-content\/uploads\/2022\/08\/cc_02-1.jpg'><img loading=\"lazy\" decoding=\"async\" width=\"150\" height=\"150\" src=\"https:\/\/www.gfaimmobiliare.it\/wp-content\/uploads\/2022\/08\/cc_02-1-150x150.jpg\" class=\"attachment-thumbnail size-thumbnail\" alt=\"GFA Immobiliare | Corte Casara | Costermano (VR)\" srcset=\"https:\/\/www.gfaimmobiliare.it\/wp-content\/uploads\/2022\/08\/cc_02-1-150x150.jpg 150w, https:\/\/www.gfaimmobiliare.it\/wp-content\/uploads\/2022\/08\/cc_02-1-1024x1024.jpg 1024w, https:\/\/www.gfaimmobiliare.it\/wp-content\/uploads\/2022\/08\/cc_02-1-100x100.jpg 100w, https:\/\/www.gfaimmobiliare.it\/wp-content\/uploads\/2022\/08\/cc_02-1-40x40.jpg 40w\" sizes=\"auto, (max-width: 150px) 100vw, 150px\" \/><\/a>\n\t\t\t<\/dt><\/dl><dl class='gallery-item'>\n\t\t\t<dt class='gallery-icon landscape'>\n\t\t\t\t<a href='https:\/\/www.gfaimmobiliare.it\/wp-content\/uploads\/2022\/08\/cc_20-1.jpg'><img loading=\"lazy\" decoding=\"async\" width=\"150\" height=\"150\" src=\"https:\/\/www.gfaimmobiliare.it\/wp-content\/uploads\/2022\/08\/cc_20-1-150x150.jpg\" class=\"attachment-thumbnail size-thumbnail\" alt=\"GFA Immobiliare | Corte Casara | Costermano (VR)\" srcset=\"https:\/\/www.gfaimmobiliare.it\/wp-content\/uploads\/2022\/08\/cc_20-1-150x150.jpg 150w, https:\/\/www.gfaimmobiliare.it\/wp-content\/uploads\/2022\/08\/cc_20-1-1024x1024.jpg 1024w, https:\/\/www.gfaimmobiliare.it\/wp-content\/uploads\/2022\/08\/cc_20-1-100x100.jpg 100w, https:\/\/www.gfaimmobiliare.it\/wp-content\/uploads\/2022\/08\/cc_20-1-40x40.jpg 40w\" sizes=\"auto, (max-width: 150px) 100vw, 150px\" \/><\/a>\n\t\t\t<\/dt><\/dl><br style=\"clear: both\" \/><dl class='gallery-item'>\n\t\t\t<dt class='gallery-icon landscape'>\n\t\t\t\t<a href='https:\/\/www.gfaimmobiliare.it\/wp-content\/uploads\/2022\/08\/cc_19-1.jpg'><img loading=\"lazy\" decoding=\"async\" width=\"150\" height=\"150\" src=\"https:\/\/www.gfaimmobiliare.it\/wp-content\/uploads\/2022\/08\/cc_19-1-150x150.jpg\" class=\"attachment-thumbnail size-thumbnail\" alt=\"GFA Immobiliare | Corte Casara | Costermano (VR)\" srcset=\"https:\/\/www.gfaimmobiliare.it\/wp-content\/uploads\/2022\/08\/cc_19-1-150x150.jpg 150w, https:\/\/www.gfaimmobiliare.it\/wp-content\/uploads\/2022\/08\/cc_19-1-1024x1024.jpg 1024w, https:\/\/www.gfaimmobiliare.it\/wp-content\/uploads\/2022\/08\/cc_19-1-100x100.jpg 100w, https:\/\/www.gfaimmobiliare.it\/wp-content\/uploads\/2022\/08\/cc_19-1-40x40.jpg 40w\" sizes=\"auto, (max-width: 150px) 100vw, 150px\" \/><\/a>\n\t\t\t<\/dt><\/dl><dl class='gallery-item'>\n\t\t\t<dt class='gallery-icon landscape'>\n\t\t\t\t<a href='https:\/\/www.gfaimmobiliare.it\/wp-content\/uploads\/2022\/08\/cc_21-1.jpg'><img loading=\"lazy\" decoding=\"async\" width=\"150\" height=\"150\" src=\"https:\/\/www.gfaimmobiliare.it\/wp-content\/uploads\/2022\/08\/cc_21-1-150x150.jpg\" class=\"attachment-thumbnail size-thumbnail\" alt=\"GFA Immobiliare | Corte Casara | Costermano (VR)\" srcset=\"https:\/\/www.gfaimmobiliare.it\/wp-content\/uploads\/2022\/08\/cc_21-1-150x150.jpg 150w, https:\/\/www.gfaimmobiliare.it\/wp-content\/uploads\/2022\/08\/cc_21-1-1024x1024.jpg 1024w, https:\/\/www.gfaimmobiliare.it\/wp-content\/uploads\/2022\/08\/cc_21-1-100x100.jpg 100w, https:\/\/www.gfaimmobiliare.it\/wp-content\/uploads\/2022\/08\/cc_21-1-40x40.jpg 40w\" sizes=\"auto, (max-width: 150px) 100vw, 150px\" \/><\/a>\n\t\t\t<\/dt><\/dl><dl class='gallery-item'>\n\t\t\t<dt class='gallery-icon landscape'>\n\t\t\t\t<a href='https:\/\/www.gfaimmobiliare.it\/wp-content\/uploads\/2022\/08\/cc_23-1.jpg'><img loading=\"lazy\" decoding=\"async\" width=\"150\" height=\"150\" src=\"https:\/\/www.gfaimmobiliare.it\/wp-content\/uploads\/2022\/08\/cc_23-1-150x150.jpg\" class=\"attachment-thumbnail size-thumbnail\" alt=\"GFA Immobiliare | Corte Casara | Costermano (VR)\" srcset=\"https:\/\/www.gfaimmobiliare.it\/wp-content\/uploads\/2022\/08\/cc_23-1-150x150.jpg 150w, https:\/\/www.gfaimmobiliare.it\/wp-content\/uploads\/2022\/08\/cc_23-1-1024x1024.jpg 1024w, https:\/\/www.gfaimmobiliare.it\/wp-content\/uploads\/2022\/08\/cc_23-1-100x100.jpg 100w, https:\/\/www.gfaimmobiliare.it\/wp-content\/uploads\/2022\/08\/cc_23-1-40x40.jpg 40w\" sizes=\"auto, (max-width: 150px) 100vw, 150px\" \/><\/a>\n\t\t\t<\/dt><\/dl><br style=\"clear: both\" \/><dl class='gallery-item'>\n\t\t\t<dt class='gallery-icon landscape'>\n\t\t\t\t<a href='https:\/\/www.gfaimmobiliare.it\/wp-content\/uploads\/2022\/08\/cc_24-2.jpg'><img loading=\"lazy\" decoding=\"async\" width=\"150\" height=\"150\" src=\"https:\/\/www.gfaimmobiliare.it\/wp-content\/uploads\/2022\/08\/cc_24-2-150x150.jpg\" class=\"attachment-thumbnail size-thumbnail\" alt=\"GFA Immobiliare | Corte Casara | Costermano (VR)\" srcset=\"https:\/\/www.gfaimmobiliare.it\/wp-content\/uploads\/2022\/08\/cc_24-2-150x150.jpg 150w, https:\/\/www.gfaimmobiliare.it\/wp-content\/uploads\/2022\/08\/cc_24-2-1024x1024.jpg 1024w, https:\/\/www.gfaimmobiliare.it\/wp-content\/uploads\/2022\/08\/cc_24-2-100x100.jpg 100w, https:\/\/www.gfaimmobiliare.it\/wp-content\/uploads\/2022\/08\/cc_24-2-40x40.jpg 40w\" sizes=\"auto, (max-width: 150px) 100vw, 150px\" \/><\/a>\n\t\t\t<\/dt><\/dl><dl class='gallery-item'>\n\t\t\t<dt class='gallery-icon landscape'>\n\t\t\t\t<a href='https:\/\/www.gfaimmobiliare.it\/wp-content\/uploads\/2022\/08\/cc_25-1.jpg'><img loading=\"lazy\" decoding=\"async\" width=\"150\" height=\"150\" src=\"https:\/\/www.gfaimmobiliare.it\/wp-content\/uploads\/2022\/08\/cc_25-1-150x150.jpg\" class=\"attachment-thumbnail size-thumbnail\" alt=\"GFA Immobiliare | Corte Casara | Costermano (VR)\" srcset=\"https:\/\/www.gfaimmobiliare.it\/wp-content\/uploads\/2022\/08\/cc_25-1-150x150.jpg 150w, https:\/\/www.gfaimmobiliare.it\/wp-content\/uploads\/2022\/08\/cc_25-1-1024x1024.jpg 1024w, https:\/\/www.gfaimmobiliare.it\/wp-content\/uploads\/2022\/08\/cc_25-1-100x100.jpg 100w, https:\/\/www.gfaimmobiliare.it\/wp-content\/uploads\/2022\/08\/cc_25-1-40x40.jpg 40w\" sizes=\"auto, (max-width: 150px) 100vw, 150px\" \/><\/a>\n\t\t\t<\/dt><\/dl><dl class='gallery-item'>\n\t\t\t<dt class='gallery-icon landscape'>\n\t\t\t\t<a href='https:\/\/www.gfaimmobiliare.it\/wp-content\/uploads\/2022\/08\/cc_26-1.jpg'><img loading=\"lazy\" decoding=\"async\" width=\"150\" height=\"150\" src=\"https:\/\/www.gfaimmobiliare.it\/wp-content\/uploads\/2022\/08\/cc_26-1-150x150.jpg\" class=\"attachment-thumbnail size-thumbnail\" alt=\"GFA Immobiliare | Corte Casara | Costermano (VR)\" srcset=\"https:\/\/www.gfaimmobiliare.it\/wp-content\/uploads\/2022\/08\/cc_26-1-150x150.jpg 150w, https:\/\/www.gfaimmobiliare.it\/wp-content\/uploads\/2022\/08\/cc_26-1-1024x1024.jpg 1024w, https:\/\/www.gfaimmobiliare.it\/wp-content\/uploads\/2022\/08\/cc_26-1-100x100.jpg 100w, https:\/\/www.gfaimmobiliare.it\/wp-content\/uploads\/2022\/08\/cc_26-1-40x40.jpg 40w\" sizes=\"auto, (max-width: 150px) 100vw, 150px\" \/><\/a>\n\t\t\t<\/dt><\/dl><br style=\"clear: both\" \/><dl class='gallery-item'>\n\t\t\t<dt class='gallery-icon landscape'>\n\t\t\t\t<a href='https:\/\/www.gfaimmobiliare.it\/wp-content\/uploads\/2022\/08\/cc_27-1.jpg'><img loading=\"lazy\" decoding=\"async\" width=\"150\" height=\"150\" src=\"https:\/\/www.gfaimmobiliare.it\/wp-content\/uploads\/2022\/08\/cc_27-1-150x150.jpg\" class=\"attachment-thumbnail size-thumbnail\" alt=\"GFA Immobiliare | Corte Casara | Costermano (VR)\" srcset=\"https:\/\/www.gfaimmobiliare.it\/wp-content\/uploads\/2022\/08\/cc_27-1-150x150.jpg 150w, https:\/\/www.gfaimmobiliare.it\/wp-content\/uploads\/2022\/08\/cc_27-1-1024x1024.jpg 1024w, https:\/\/www.gfaimmobiliare.it\/wp-content\/uploads\/2022\/08\/cc_27-1-100x100.jpg 100w, https:\/\/www.gfaimmobiliare.it\/wp-content\/uploads\/2022\/08\/cc_27-1-40x40.jpg 40w\" sizes=\"auto, (max-width: 150px) 100vw, 150px\" \/><\/a>\n\t\t\t<\/dt><\/dl>\n\t\t\t<br style='clear: both' \/>\n\t\t<\/div>\n\n<p>[\/vc_column_text][\/vc_column][\/vc_row][vc_row full_width=&#8221;stretch_row&#8221; css=&#8221;.vc_custom_1597907625695{padding-top: 50px !important;padding-bottom: 50px !important;}&#8221;][vc_column width=&#8221;1\/2&#8243; el_id=&#8221;contatto&#8221;]<div class=\"mgt-header-block clearfix text-left text-black wpb_content_element  mgt-header-block-style-2 mgt-header-texttransform-both  vc_custom_1598026893713\"><h2 class=\"mgt-header-block-title\">Anfrage Informationen<\/h2><div class=\"mgt-header-line\"><\/div><\/div>[vc_column_text css_animation=&#8221;left-to-right&#8221;]F\u00fcr Informationen oder Anfragen zu <strong>\u201cCorte Casara\u201d<\/strong> von GFA Immobiliare geben Sie hier Ihre Daten ein.<br \/>\nSie werden so schnell wie m\u00f6glich kontaktiert.<\/p>\n<p>Felder, die mit einem Sternchen (*) versehen sind, m\u00fcssen ausgef\u00fcllt werden.[\/vc_column_text][\/vc_column][vc_column width=&#8221;1\/2&#8243;]\n<div class=\"wpcf7 no-js\" id=\"wpcf7-f4350-o1\" lang=\"it-IT\" dir=\"ltr\" data-wpcf7-id=\"4350\">\n<div class=\"screen-reader-response\"><p role=\"status\" aria-live=\"polite\" aria-atomic=\"true\"><\/p> <ul><\/ul><\/div>\n<form action=\"\/de\/wp-json\/wp\/v2\/pages\/3510#wpcf7-f4350-o1\" method=\"post\" class=\"wpcf7-form init\" aria-label=\"Modulo di contatto\" novalidate=\"novalidate\" data-status=\"init\">\n<fieldset class=\"hidden-fields-container\"><input type=\"hidden\" name=\"_wpcf7\" value=\"4350\" \/><input type=\"hidden\" name=\"_wpcf7_version\" value=\"6.1.5\" \/><input type=\"hidden\" name=\"_wpcf7_locale\" value=\"it_IT\" \/><input type=\"hidden\" name=\"_wpcf7_unit_tag\" value=\"wpcf7-f4350-o1\" \/><input type=\"hidden\" name=\"_wpcf7_container_post\" value=\"0\" \/><input type=\"hidden\" name=\"_wpcf7_posted_data_hash\" value=\"\" \/><input type=\"hidden\" name=\"_wpcf7cf_hidden_group_fields\" value=\"[]\" \/><input type=\"hidden\" name=\"_wpcf7cf_hidden_groups\" value=\"[]\" \/><input type=\"hidden\" name=\"_wpcf7cf_visible_groups\" value=\"[]\" \/><input type=\"hidden\" name=\"_wpcf7cf_repeaters\" value=\"[]\" \/><input type=\"hidden\" name=\"_wpcf7cf_steps\" value=\"{}\" \/><input type=\"hidden\" name=\"_wpcf7cf_options\" value=\"{&quot;form_id&quot;:4350,&quot;conditions&quot;:[{&quot;then_field&quot;:&quot;-1&quot;,&quot;and_rules&quot;:[{&quot;if_field&quot;:&quot;null&quot;,&quot;operator&quot;:&quot;equals&quot;,&quot;if_value&quot;:&quot;&quot;}]}],&quot;settings&quot;:{&quot;animation&quot;:&quot;yes&quot;,&quot;animation_intime&quot;:200,&quot;animation_outtime&quot;:200,&quot;conditions_ui&quot;:&quot;normal&quot;,&quot;notice_dismissed&quot;:false,&quot;notice_dismissed_update-cf7-5.8.1&quot;:true}}\" \/><input type=\"hidden\" name=\"_wpcf7_recaptcha_response\" value=\"\" \/>\n<\/fieldset>\n<div class=\"row\">\n\t<div class=\"col-md-6\">\n\t\t<p><span class=\"wpcf7-form-control-wrap\" data-name=\"gfa-nome\"><input size=\"40\" maxlength=\"400\" class=\"wpcf7-form-control wpcf7-text wpcf7-validates-as-required\" aria-required=\"true\" aria-invalid=\"false\" placeholder=\"Name und Nachname *\" value=\"\" type=\"text\" name=\"gfa-nome\" \/><\/span>\n\t\t<\/p>\n\t\t<p><span class=\"wpcf7-form-control-wrap\" data-name=\"gfa-email\"><input size=\"40\" maxlength=\"400\" class=\"wpcf7-form-control wpcf7-email wpcf7-validates-as-required wpcf7-text wpcf7-validates-as-email\" aria-required=\"true\" aria-invalid=\"false\" placeholder=\"Email *\" value=\"\" type=\"email\" name=\"gfa-email\" \/><\/span>\n\t\t<\/p>\n\t<\/div>\n\t<div class=\"col-md-6\">\n\t\t<p><span class=\"wpcf7-form-control-wrap\" data-name=\"gfa-tel\"><input size=\"40\" maxlength=\"400\" class=\"wpcf7-form-control wpcf7-text\" aria-invalid=\"false\" placeholder=\"Telefon\" value=\"\" type=\"text\" name=\"gfa-tel\" \/><\/span>\n\t\t<\/p>\n\t\t<p><span class=\"wpcf7-form-control-wrap\" data-name=\"gfa-oggetto\"><input size=\"40\" maxlength=\"400\" class=\"wpcf7-form-control wpcf7-text\" aria-invalid=\"false\" placeholder=\"Gegenstand der Anfrage\" value=\"\" type=\"text\" name=\"gfa-oggetto\" \/><\/span>\n\t\t<\/p>\n\t<\/div>\n\t<div class=\"col-md-12\">\n\t\t<p><span class=\"wpcf7-form-control-wrap\" data-name=\"gfa-messaggio\"><textarea cols=\"40\" rows=\"10\" maxlength=\"2000\" class=\"wpcf7-form-control wpcf7-textarea wpcf7-validates-as-required\" aria-required=\"true\" aria-invalid=\"false\" placeholder=\"Kommentare \/ Fragen *\" name=\"gfa-messaggio\"><\/textarea><\/span>\n\t\t<\/p>\n\t\t<p><span class=\"wpcf7-form-control-wrap\" data-name=\"gfa-privacy\"><span class=\"wpcf7-form-control wpcf7-acceptance\"><span class=\"wpcf7-list-item\"><label><input type=\"checkbox\" name=\"gfa-privacy\" value=\"1\" aria-invalid=\"false\" \/><span class=\"wpcf7-list-item-label\">Ich habe die <em><a href=\"https:\/\/gfaimmobiliare.it\/de\/privacy\/\" target=\"_blank\">Datenschutzerkl\u00e4rung<\/a> gelesen<\/em>. Ich stimme der Verarbeitung meiner Daten zu.<\/span><\/label><\/span><\/span><\/span>\n\t\t<\/p>\n\t\t<p><input class=\"wpcf7-form-control wpcf7-submit has-spinner\" type=\"submit\" value=\"Senden\" \/>\n\t\t<\/p>\n\t<\/div>\n<\/div><div class=\"wpcf7-response-output\" aria-hidden=\"true\"><\/div>\n<\/form>\n<\/div>\n[\/vc_column][\/vc_row]<\/p>\n<\/div>","protected":false},"excerpt":{"rendered":"<p>&#8230;<\/p>\n","protected":false},"author":2,"featured_media":0,"parent":0,"menu_order":0,"comment_status":"closed","ping_status":"closed","template":"","meta":{"_seopress_robots_primary_cat":"","_seopress_titles_title":"Corte La Casara | Costermano (VR) | GFA Immobiliare","_seopress_titles_desc":"A Costermano sul Garda (VR) sono incominciate le prenotazioni per la &quot;Corte Casara&quot;, 13 appartamenti luxury con giardini, logge e piscina in una nuova corte con il sapore dell\u2019antico abbinate a caratteristiche moderne, immerse nel verde e con vista lago di Garda.","_seopress_robots_index":"","footnotes":""},"class_list":["post-3510","page","type-page","status-publish","hentry"],"_links":{"self":[{"href":"https:\/\/www.gfaimmobiliare.it\/de\/wp-json\/wp\/v2\/pages\/3510","targetHints":{"allow":["GET"]}}],"collection":[{"href":"https:\/\/www.gfaimmobiliare.it\/de\/wp-json\/wp\/v2\/pages"}],"about":[{"href":"https:\/\/www.gfaimmobiliare.it\/de\/wp-json\/wp\/v2\/types\/page"}],"author":[{"embeddable":true,"href":"https:\/\/www.gfaimmobiliare.it\/de\/wp-json\/wp\/v2\/users\/2"}],"replies":[{"embeddable":true,"href":"https:\/\/www.gfaimmobiliare.it\/de\/wp-json\/wp\/v2\/comments?post=3510"}],"version-history":[{"count":18,"href":"https:\/\/www.gfaimmobiliare.it\/de\/wp-json\/wp\/v2\/pages\/3510\/revisions"}],"predecessor-version":[{"id":6836,"href":"https:\/\/www.gfaimmobiliare.it\/de\/wp-json\/wp\/v2\/pages\/3510\/revisions\/6836"}],"wp:attachment":[{"href":"https:\/\/www.gfaimmobiliare.it\/de\/wp-json\/wp\/v2\/media?parent=3510"}],"curies":[{"name":"wp","href":"https:\/\/api.w.org\/{rel}","templated":true}]}}