{"id":1667,"date":"2019-04-10T00:41:41","date_gmt":"2019-04-09T22:41:41","guid":{"rendered":"http:\/\/gfaimmobiliare.it\/de\/?page_id=1667"},"modified":"2020-04-24T09:42:37","modified_gmt":"2020-04-24T07:42:37","slug":"gardasee-und-costermano","status":"publish","type":"page","link":"https:\/\/www.gfaimmobiliare.it\/de\/gardasee-und-costermano\/","title":{"rendered":"Gardasee und Costermano"},"content":{"rendered":"<div class=\"wpb-content-wrapper\"><p>[vc_row css=&#8221;.vc_custom_1553286694481{margin-top: 40px !important;}&#8221;][vc_column width=&#8221;3\/4&#8243;][vc_single_image image=&#8221;1546&#8243; img_size=&#8221;full&#8221; alignment=&#8221;center&#8221; onclick=&#8221;link_image&#8221;][vc_row_inner][vc_column_inner width=&#8221;1\/2&#8243;][vc_column_text css=&#8221;.vc_custom_1554849598697{margin-top: 50px !important;margin-bottom: 30px !important;}&#8221;]<\/p>\n<h3>Gardasee<\/h3>\n<p>Der Gardasee ist ein herrliches, einzigartiges Gebiet, das unvergleichliche Sch\u00e4tze an Natursch\u00f6nheiten, Kunst, k\u00f6stliche Speisen und Weine sowie eine einmalige Architektur birgt.<br \/>\nDie reizvolle Ku\u0308ste, das smaragdgru\u0308ne Wasser, die malerischen Hu\u0308gel, die Riviera degli Olivi, die H\u00e4nge des Monte Baldo und die kleinen, geschichtstr\u00e4chtigen D\u00f6rfer sind eine u\u0308berraschende Symbiose zwischen Natur und Kultur.<br \/>\nDas typisch mediterrane Klima macht diese Gegend so einzigartig, die sich au\u00dferdem eines au\u00dfergew\u00f6hnlichen Rekords ru\u0308hmen kann: Es ist das n\u00f6rdlichste Oliven- und Zitronenanbaugebiet Europas. An der Riviera degli Olivi am Veroneser Seeufer werden u\u0308ber zweihundert verschiedene Olivensorten kultiviert, die einst von den R\u00f6mern eingefu\u0308hrt wurden, w\u00e4hrend die Landschaft des \u00f6stlichen Ufers von den Zitronenplantagen mit den charakteristischen Terrasseng\u00e4rten bestimmt wird, in denen Orangen, Mandarinen und Zedern gedeihen.<br \/>\nZwischen Gardasee und Etsch pr\u00e4gt der Monte Baldo, auch \u201eGarten Europas\u201d genannt, die Landschaft mit seinem unverwechselbaren Profil und stellt ein wahres Paradies fu\u0308r Wanderer, Naturfreunde und Liebhaber von Outdoor-Aktivit\u00e4ten<br \/>\ndar. Und wenn am Abend die Sonne untergeht und an den Ufern die Lichter angehen, verwandelt sich der Gardasee in eine stimmungsvolle, schillernde Kulisse.[\/vc_column_text][\/vc_column_inner][vc_column_inner width=&#8221;1\/2&#8243;][vc_column_text css=&#8221;.vc_custom_1554849665098{margin-top: 50px !important;margin-bottom: 30px !important;}&#8221;]<\/p>\n<h3>Costermano sul Garda<\/h3>\n<p>Ein bezaubernder Ort in den Hu\u0308geln des mor\u00e4nischen Amphitheaters, ein Zipfel des Paradieses, der bis in das Blau des Gardasees hineinragt, von kristallklaren B\u00e4chen durchzogen wird und von Pinienw\u00e4ldern, Weinbergen und Olivenhainen<br \/>\neingerahmt ist.<br \/>\nEin Naturerbe, in das sich die architektonischen Sch\u00e4tze der vier hu\u0308bschen Ortsteile (Albar\u00e8, Castion Veronese, Costermano und Marciaga) harmonisch einschmiegen: H\u00f6fe, \u00c4dikul\u00e4, Villen, Denkm\u00e4ler und Kirchen stellen ein Kulturgut von<br \/>\ngro\u00dfem Wert und Sch\u00f6nheit dar. Mu\u0308hlen, Steinmauern, Brunnen und Font\u00e4nen zeugen von b\u00e4uerlichen und volkstu\u0308mlichen<br \/>\nBr\u00e4uchen, bei denen traditionelle Techniken und lokale Materialien harmonisch miteinander verschmelzen.<br \/>\nDas \u201cTal der Mu\u0308hlen\u201d durchzieht das Gebiet von Costermano mit den quart\u00e4ren Mor\u00e4nen und ist reich an geschu\u0308tzter Flora<br \/>\nund Fauna.<br \/>\nCostermano sul Garda ist ein gro\u00dfartiger Ort, dem es wunderbar gelingt, die Umwelt wirkungsvoll zu schu\u0308tzen und Gebiete<br \/>\nvon besonderem touristischen und \u00f6kologischen Interesse instand zu halten und aufzuwerten.<br \/>\nDas Projekt \u201eCostermano sul Garda: Environmental Excellence\u201d ist Teil dieser Entwicklung, die eine innovative Infrastruktur vorsieht, die aus 6 Themenparks und einem Netz von Radund Wanderwegen besteht, und die vier Orte in ein einziges, miteinander verbundenes nutzbares System einbindet.<br \/>\nEin harmonisches Geflecht aus Mensch und Natur, das in naher Zukunft das Verbindungsglied eines durchgehenden Systems sein wird, eine starke, erkennbare Textur schaffen wird, und die Landschaft selbst zu der eigentlichen, rundum zu erlebenden Infrastruktur macht.[\/vc_column_text][\/vc_column_inner][\/vc_row_inner]<div id=\"ultib3-94929203569ee6732b2314\" class=\" ultb3-box ult-adjust-bottom-margin  \" style=\"\"><div id=\"Info-banner-wrap5737\" class=\"ultb3-info ib3-info-center\" data-animation=\"fadeIn\" data-animation-delay=\"03\"><div class=\"ultb3-title ult-responsive\"  data-ultimate-target='#Info-banner-wrap5737 .ultb3-title'  data-responsive-json-new='{\"font-size\":\"\",\"line-height\":\"\"}'  style=\"font-weight:normal;\">Beginnen wir mit den Reservierungen!<\/div><div class=\"ultb3-desc ult-responsive\"  data-ultimate-target='#Info-banner-wrap5737 .ultb3-desc'  data-responsive-json-new='{\"font-size\":\"\",\"line-height\":\"\"}'  style=\"font-weight:normal;\">F\u00fcllen Sie das Formular in der rechten Spalte aus oder rufen Sie die Nummer +39 349 6140347 - +39 348 3544944 an, um weitere Informationen zu erhalten<\/div><\/div><\/div><style>\n\t\t\t\t\t#ultib3-94929203569ee6732b2314 {\n\t\t\t\t\t\tmin-height:50px;\n\t\t\t\t\t}\n\t\t\t\t\t#ultib3-94929203569ee6732b2314 img.ultb3-img {\n\t\t\t\t\t\theight: px;\n\t\t\t\t\t}\n\t\t\t\t\t#ultib3-94929203569ee6732b2314 .ultb3-btn {\n\t\t\t\t\t\tborder:2px solid #1e73be;border-radius:50px;color:#898989;\n\t\t\t\t\t}\n\t\t\t\t\t#ultib3-94929203569ee6732b2314 .ultb3-btn:hover {\n\t\t\t\t\t\tbackground:#1e73be;color:#ffffff;\n\t\t\t\t\t}\n\t\t\t\t<\/style>[\/vc_column][vc_column width=&#8221;1\/4&#8243; el_class=&#8221;sidebar-camilla&#8221;][vc_column_text]<\/p>\n<h4>Menu<\/h4>\n<p>[\/vc_column_text][vc_wp_custommenu nav_menu=&#8221;8&#8243;][vc_separator css=&#8221;.vc_custom_1490191447622{margin-top: 30px !important;margin-bottom: 30px !important;}&#8221;][vc_column_text]<\/p>\n<h4>Informations-<br \/>\nanfrage<\/h4>\n<p>Rufen Sie die Nummern an<br \/>\n<strong>+39 349 6140347 &#8211; +39 348 3544944<\/strong><br \/>\noder f\u00fcllen Sie das Formular aus:<\/p>\n\n<div class=\"wpcf7 no-js\" id=\"wpcf7-f3399-o1\" lang=\"it-IT\" dir=\"ltr\" data-wpcf7-id=\"3399\">\n<div class=\"screen-reader-response\"><p role=\"status\" aria-live=\"polite\" aria-atomic=\"true\"><\/p> <ul><\/ul><\/div>\n<form action=\"\/de\/wp-json\/wp\/v2\/pages\/1667#wpcf7-f3399-o1\" method=\"post\" class=\"wpcf7-form init\" aria-label=\"Modulo di contatto\" novalidate=\"novalidate\" data-status=\"init\">\n<fieldset class=\"hidden-fields-container\"><input type=\"hidden\" name=\"_wpcf7\" value=\"3399\" \/><input type=\"hidden\" name=\"_wpcf7_version\" value=\"6.1.5\" \/><input type=\"hidden\" name=\"_wpcf7_locale\" value=\"it_IT\" \/><input type=\"hidden\" name=\"_wpcf7_unit_tag\" value=\"wpcf7-f3399-o1\" \/><input type=\"hidden\" name=\"_wpcf7_container_post\" value=\"0\" \/><input type=\"hidden\" name=\"_wpcf7_posted_data_hash\" value=\"\" \/><input type=\"hidden\" name=\"_wpcf7cf_hidden_group_fields\" value=\"[]\" \/><input type=\"hidden\" name=\"_wpcf7cf_hidden_groups\" value=\"[]\" \/><input type=\"hidden\" name=\"_wpcf7cf_visible_groups\" value=\"[]\" \/><input type=\"hidden\" name=\"_wpcf7cf_repeaters\" value=\"[]\" \/><input type=\"hidden\" name=\"_wpcf7cf_steps\" value=\"{}\" \/><input type=\"hidden\" name=\"_wpcf7cf_options\" value=\"{&quot;form_id&quot;:3399,&quot;conditions&quot;:[{&quot;then_field&quot;:&quot;-1&quot;,&quot;and_rules&quot;:[{&quot;if_field&quot;:&quot;accept-this-1&quot;,&quot;operator&quot;:&quot;equals&quot;,&quot;if_value&quot;:&quot;&quot;}]}],&quot;settings&quot;:{&quot;animation&quot;:&quot;yes&quot;,&quot;animation_intime&quot;:200,&quot;animation_outtime&quot;:200,&quot;conditions_ui&quot;:&quot;normal&quot;,&quot;notice_dismissed&quot;:false,&quot;notice_dismissed_update-cf7-5.8.1&quot;:true}}\" \/><input type=\"hidden\" name=\"_wpcf7_recaptcha_response\" value=\"\" \/>\n<\/fieldset>\n<p><label> Nome e cognome (richiesto)<br \/>\n<span class=\"wpcf7-form-control-wrap\" data-name=\"your-name\"><input size=\"40\" maxlength=\"400\" class=\"wpcf7-form-control wpcf7-text wpcf7-validates-as-required\" aria-required=\"true\" aria-invalid=\"false\" value=\"\" type=\"text\" name=\"your-name\" \/><\/span> <\/label>\n<\/p>\n<p><label> E-mail (richiesto)<br \/>\n<span class=\"wpcf7-form-control-wrap\" data-name=\"your-email\"><input size=\"40\" maxlength=\"400\" class=\"wpcf7-form-control wpcf7-email wpcf7-validates-as-required wpcf7-text wpcf7-validates-as-email\" aria-required=\"true\" aria-invalid=\"false\" value=\"\" type=\"email\" name=\"your-email\" \/><\/span> <\/label><br \/>\n<label> Telefono<br \/>\n<span class=\"wpcf7-form-control-wrap\" data-name=\"telefono\"><input size=\"40\" maxlength=\"400\" class=\"wpcf7-form-control wpcf7-text\" aria-invalid=\"false\" value=\"\" type=\"text\" name=\"telefono\" \/><\/span> <\/label>\n<\/p>\n<p>Commenti\/domande (richiesto):<br \/>\n<span class=\"wpcf7-form-control-wrap\" data-name=\"your-message\"><textarea cols=\"40\" rows=\"10\" maxlength=\"2000\" class=\"wpcf7-form-control wpcf7-textarea\" aria-invalid=\"false\" name=\"your-message\"><\/textarea><\/span><br \/>\n<small>Dichiaro di aver letto la <em><a href=\".\/privacy\/\" target=\"_blank\">Privacy Policy<\/a><\/em> e accetto<br \/>\nil trattamento dei miei dati.<br \/>\n<span class=\"wpcf7-form-control-wrap\" data-name=\"accept-this-1\"><span class=\"wpcf7-form-control wpcf7-acceptance\"><span class=\"wpcf7-list-item\"><label><input type=\"checkbox\" name=\"accept-this-1\" value=\"1\" aria-invalid=\"false\" \/><span class=\"wpcf7-list-item-label\">Seleziona la casella se accetti, grazie.<\/span><\/label><\/span><\/span><\/span><\/small><br \/>\n<input class=\"wpcf7-form-control wpcf7-submit has-spinner\" type=\"submit\" value=\"Invia\" \/>\n<\/p><div class=\"wpcf7-response-output\" aria-hidden=\"true\"><\/div>\n<\/form>\n<\/div>\n\n<p>[\/vc_column_text][\/vc_column][\/vc_row][vc_row css=&#8221;.vc_custom_1553295766022{margin-top: 50px !important;margin-bottom: 50px !important;}&#8221;][vc_column][vc_column_text]<\/p>\n\n\t\t<style type=\"text\/css\">\n\t\t\t#gallery-1 {\n\t\t\t\tmargin: auto;\n\t\t\t}\n\t\t\t#gallery-1 .gallery-item {\n\t\t\t\tfloat: left;\n\t\t\t\tmargin-top: 10px;\n\t\t\t\ttext-align: center;\n\t\t\t\twidth: 33%;\n\t\t\t}\n\t\t\t#gallery-1 img {\n\t\t\t\tborder: 2px solid #cfcfcf;\n\t\t\t}\n\t\t\t#gallery-1 .gallery-caption {\n\t\t\t\tmargin-left: 0;\n\t\t\t}\n\t\t\t\/* see gallery_shortcode() in wp-includes\/media.php *\/\n\t\t<\/style>\n\t\t<div id='gallery-1' class='gallery galleryid-1667 gallery-columns-3 gallery-size-medium'><dl class='gallery-item'>\n\t\t\t<dt class='gallery-icon landscape'>\n\t\t\t\t<a href='https:\/\/www.gfaimmobiliare.it\/wp-content\/uploads\/2019\/03\/Casara_imm_01.jpg'><img loading=\"lazy\" decoding=\"async\" width=\"300\" height=\"155\" src=\"https:\/\/www.gfaimmobiliare.it\/wp-content\/uploads\/2019\/03\/Casara_imm_01-300x155.jpg\" class=\"attachment-medium size-medium\" alt=\"\" srcset=\"https:\/\/www.gfaimmobiliare.it\/wp-content\/uploads\/2019\/03\/Casara_imm_01-300x155.jpg 300w, https:\/\/www.gfaimmobiliare.it\/wp-content\/uploads\/2019\/03\/Casara_imm_01-768x396.jpg 768w, https:\/\/www.gfaimmobiliare.it\/wp-content\/uploads\/2019\/03\/Casara_imm_01-1024x527.jpg 1024w, https:\/\/www.gfaimmobiliare.it\/wp-content\/uploads\/2019\/03\/Casara_imm_01.jpg 1200w\" sizes=\"auto, (max-width: 300px) 100vw, 300px\" \/><\/a>\n\t\t\t<\/dt><\/dl><dl class='gallery-item'>\n\t\t\t<dt class='gallery-icon landscape'>\n\t\t\t\t<a href='https:\/\/www.gfaimmobiliare.it\/wp-content\/uploads\/2019\/03\/Casara_imm_06.jpg'><img loading=\"lazy\" decoding=\"async\" width=\"300\" height=\"269\" src=\"https:\/\/www.gfaimmobiliare.it\/wp-content\/uploads\/2019\/03\/Casara_imm_06-300x269.jpg\" class=\"attachment-medium size-medium\" alt=\"\" srcset=\"https:\/\/www.gfaimmobiliare.it\/wp-content\/uploads\/2019\/03\/Casara_imm_06-300x269.jpg 300w, https:\/\/www.gfaimmobiliare.it\/wp-content\/uploads\/2019\/03\/Casara_imm_06.jpg 668w\" sizes=\"auto, (max-width: 300px) 100vw, 300px\" \/><\/a>\n\t\t\t<\/dt><\/dl><dl class='gallery-item'>\n\t\t\t<dt class='gallery-icon landscape'>\n\t\t\t\t<a href='https:\/\/www.gfaimmobiliare.it\/wp-content\/uploads\/2019\/03\/Casara_imm_05.jpg'><img loading=\"lazy\" decoding=\"async\" width=\"300\" height=\"269\" src=\"https:\/\/www.gfaimmobiliare.it\/wp-content\/uploads\/2019\/03\/Casara_imm_05-300x269.jpg\" class=\"attachment-medium size-medium\" alt=\"\" srcset=\"https:\/\/www.gfaimmobiliare.it\/wp-content\/uploads\/2019\/03\/Casara_imm_05-300x269.jpg 300w, https:\/\/www.gfaimmobiliare.it\/wp-content\/uploads\/2019\/03\/Casara_imm_05.jpg 668w\" sizes=\"auto, (max-width: 300px) 100vw, 300px\" \/><\/a>\n\t\t\t<\/dt><\/dl><br style=\"clear: both\" \/><dl class='gallery-item'>\n\t\t\t<dt class='gallery-icon landscape'>\n\t\t\t\t<a href='https:\/\/www.gfaimmobiliare.it\/wp-content\/uploads\/2019\/03\/Casara_imm_04.jpg'><img loading=\"lazy\" decoding=\"async\" width=\"300\" height=\"269\" src=\"https:\/\/www.gfaimmobiliare.it\/wp-content\/uploads\/2019\/03\/Casara_imm_04-300x269.jpg\" class=\"attachment-medium size-medium\" alt=\"\" srcset=\"https:\/\/www.gfaimmobiliare.it\/wp-content\/uploads\/2019\/03\/Casara_imm_04-300x269.jpg 300w, https:\/\/www.gfaimmobiliare.it\/wp-content\/uploads\/2019\/03\/Casara_imm_04.jpg 668w\" sizes=\"auto, (max-width: 300px) 100vw, 300px\" \/><\/a>\n\t\t\t<\/dt><\/dl><dl class='gallery-item'>\n\t\t\t<dt class='gallery-icon landscape'>\n\t\t\t\t<a href='https:\/\/www.gfaimmobiliare.it\/wp-content\/uploads\/2019\/03\/Casara_imm_03.jpg'><img loading=\"lazy\" decoding=\"async\" width=\"300\" height=\"269\" src=\"https:\/\/www.gfaimmobiliare.it\/wp-content\/uploads\/2019\/03\/Casara_imm_03-300x269.jpg\" class=\"attachment-medium size-medium\" alt=\"\" srcset=\"https:\/\/www.gfaimmobiliare.it\/wp-content\/uploads\/2019\/03\/Casara_imm_03-300x269.jpg 300w, https:\/\/www.gfaimmobiliare.it\/wp-content\/uploads\/2019\/03\/Casara_imm_03.jpg 668w\" sizes=\"auto, (max-width: 300px) 100vw, 300px\" \/><\/a>\n\t\t\t<\/dt><\/dl><dl class='gallery-item'>\n\t\t\t<dt class='gallery-icon landscape'>\n\t\t\t\t<a href='https:\/\/www.gfaimmobiliare.it\/wp-content\/uploads\/2019\/03\/Casara_imm_02.jpg'><img loading=\"lazy\" decoding=\"async\" width=\"300\" height=\"155\" src=\"https:\/\/www.gfaimmobiliare.it\/wp-content\/uploads\/2019\/03\/Casara_imm_02-300x155.jpg\" class=\"attachment-medium size-medium\" alt=\"\" srcset=\"https:\/\/www.gfaimmobiliare.it\/wp-content\/uploads\/2019\/03\/Casara_imm_02-300x155.jpg 300w, https:\/\/www.gfaimmobiliare.it\/wp-content\/uploads\/2019\/03\/Casara_imm_02-768x396.jpg 768w, https:\/\/www.gfaimmobiliare.it\/wp-content\/uploads\/2019\/03\/Casara_imm_02-1024x527.jpg 1024w, https:\/\/www.gfaimmobiliare.it\/wp-content\/uploads\/2019\/03\/Casara_imm_02.jpg 1200w\" sizes=\"auto, (max-width: 300px) 100vw, 300px\" \/><\/a>\n\t\t\t<\/dt><\/dl><br style=\"clear: both\" \/>\n\t\t<\/div>\n\n<p>[\/vc_column_text][\/vc_column][\/vc_row][vc_row css=&#8221;.vc_custom_1490191813606{margin-top: 30px !important;margin-bottom: 30px !important;}&#8221;][vc_column][vc_separator][vc_column_text]<\/p>\n<h4>Wo ist\u00a0&#8220;Corte\u00a0La Casara&#8221;<\/h4>\n<p>[\/vc_column_text][\/vc_column][\/vc_row][vc_row][vc_column]<div id='wrap_map_69ee6732b8d3a' class='ultimate-map-wrapper ult-adjust-bottom-margin ' style=' height:400px;'><div id='map_69ee6732b8d3a' data-map_override='0' class='ultimate_google_map wpb_content_element ' style='width:100%;height:400px;'><\/div><\/div><script type='text\/javascript'>\n\t\t\t(function($) {\n  \t\t\t'use strict';\n\t\t\tvar map_map_69ee6732b8d3a = null;\n\t\t\tvar coordinate_map_69ee6732b8d3a;\n\t\t\tvar isDraggable = $(document).width() > 641 ? true : true;\n\t\t\ttry\n\t\t\t{\n\t\t\t\tvar map_map_69ee6732b8d3a = null;\n\t\t\t\tvar coordinate_map_69ee6732b8d3a;\n\t\t\t\tcoordinate_map_69ee6732b8d3a=new google.maps.LatLng(45.5754997, 10.7420233);\n\t\t\t\tvar mapOptions=\n\t\t\t\t{\n\t\t\t\t\tzoom: 17,\n\t\t\t\t\tcenter: coordinate_map_69ee6732b8d3a,\n\t\t\t\t\tscaleControl: true,\n\t\t\t\t\tstreetViewControl: true,\n\t\t\t\t\tmapTypeControl: true,\n\t\t\t\t\tpanControl: false,\n\t\t\t\t\tzoomControl: true,\n\t\t\t\t\tscrollwheel: false,\n\t\t\t\t\tdraggable: isDraggable,\n\t\t\t\t\tzoomControlOptions: {\n\t\t\t\t\t\tposition: google.maps.ControlPosition.RIGHT_BOTTOM\n\t\t\t\t\t}, mapTypeControlOptions: {\n\t\t\t\t\t  \t\tmapTypeIds: [google.maps.MapTypeId.HYBRID, 'map_style']\n\t\t\t\t\t\t}};var styles = [{\"featureType\":\"administrative\",\"elementType\":\"labels.text.fill\",\"stylers\":[{\"color\":\"#444444\"}]},{\"featureType\":\"landscape\",\"elementType\":\"all\",\"stylers\":[{\"color\":\"#f2f2f2\"}]},{\"featureType\":\"poi\",\"elementType\":\"all\",\"stylers\":[{\"visibility\":\"off\"}]},{\"featureType\":\"road\",\"elementType\":\"all\",\"stylers\":[{\"saturation\":-100},{\"lightness\":45}]},{\"featureType\":\"road.highway\",\"elementType\":\"all\",\"stylers\":[{\"visibility\":\"simplified\"}]},{\"featureType\":\"road.arterial\",\"elementType\":\"labels.icon\",\"stylers\":[{\"visibility\":\"off\"}]},{\"featureType\":\"transit\",\"elementType\":\"all\",\"stylers\":[{\"visibility\":\"off\"}]},{\"featureType\":\"water\",\"elementType\":\"all\",\"stylers\":[{\"color\":\"#d1d2d6\"},{\"visibility\":\"on\"}]}];\n\t\t\t\t\t\tvar styledMap = new google.maps.StyledMapType(styles,\n\t\t\t\t\t    \t{name: \"Styled Map\"});var map_map_69ee6732b8d3a = new google.maps.Map(document.getElementById('map_69ee6732b8d3a'),mapOptions);map_map_69ee6732b8d3a.mapTypes.set('map_style', styledMap);\n \t\t\t\t\t\t\t map_map_69ee6732b8d3a.setMapTypeId('map_style');\n\t\t\t\t\t\tvar x = 'off';\n\t\t\t\t\t\tvar marker_map_69ee6732b8d3a = new google.maps.Marker({\n\t\t\t\t\t\tposition: new google.maps.LatLng(45.5754997, 10.7420233),\n\t\t\t\t\t\tanimation:  google.maps.Animation.DROP,\n\t\t\t\t\t\tmap: map_map_69ee6732b8d3a,\n\t\t\t\t\t\ticon: ''\n\t\t\t\t\t});\tgoogle.maps.event.addListener(marker_map_69ee6732b8d3a, 'click', toggleBounce);var infowindow = new google.maps.InfoWindow();\n\t\t\t\t\t\t\tinfowindow.setContent('<div class=\"map_info_text\" style=\\'color:#000;\\'><strong>Corte Casara<\/strong><\/p> <p>Costermano (VR)<\/div>');infowindow.open(map_map_69ee6732b8d3a,marker_map_69ee6732b8d3a);google.maps.event.addListener(marker_map_69ee6732b8d3a, 'click', function() {\n\t\t\t\t\t\t\t\tinfowindow.open(map_map_69ee6732b8d3a,marker_map_69ee6732b8d3a);\n\t\t\t\t\t\t  \t});}\n\t\t\tcatch(e){};\n\t\t\tjQuery(document).ready(function($){\n\t\t\t\tgoogle.maps.event.trigger(map_map_69ee6732b8d3a, 'resize');\n\t\t\t\t$(window).resize(function(){\n\t\t\t\t\tgoogle.maps.event.trigger(map_map_69ee6732b8d3a, 'resize');\n\t\t\t\t\tif(map_map_69ee6732b8d3a!=null)\n\t\t\t\t\t\tmap_map_69ee6732b8d3a.setCenter(coordinate_map_69ee6732b8d3a);\n\t\t\t\t});\n\t\t\t\t$('.ui-tabs').bind('tabsactivate', function(event, ui) {\n\t\t\t\t   if($(this).find('.ultimate-map-wrapper').length > 0)\n\t\t\t\t\t{\n\t\t\t\t\t\tsetTimeout(function(){\n\t\t\t\t\t\t\t$(window).trigger('resize');\n\t\t\t\t\t\t},200);\n\t\t\t\t\t}\n\t\t\t\t});\n\t\t\t\t$('.ui-accordion').bind('accordionactivate', function(event, ui) {\n\t\t\t\t   if($(this).find('.ultimate-map-wrapper').length > 0)\n\t\t\t\t\t{\n\t\t\t\t\t\tsetTimeout(function(){\n\t\t\t\t\t\t\t$(window).trigger('resize');\n\t\t\t\t\t\t},200);\n\t\t\t\t\t}\n\t\t\t\t});\n\t\t\t\t$(window).load(function(){\n\t\t\t\t\tsetTimeout(function(){\n\t\t\t\t\t\t$(window).trigger('resize');\n\t\t\t\t\t},200);\n\t\t\t\t});\n\t\t\t\t$('.ult_exp_section').select(function(){\n\t\t\t\t\tif($(map_map_69ee6732b8d3a).parents('.ult_exp_section'))\n\t\t\t\t\t{\n\t\t\t\t\t\tsetTimeout(function(){\n\t\t\t\t\t\t\t$(window).trigger('resize');\n\t\t\t\t\t\t},200);\n\t\t\t\t\t}\n\t\t\t\t});\n\t\t\t\t$(document).on('onUVCModalPopupOpen', function(){\n\t\t\t\t\tif($(map_map_69ee6732b8d3a).parents('.ult_modal-content'))\n\t\t\t\t\t{\n\t\t\t\t\t\tsetTimeout(function(){\n\t\t\t\t\t\t\t$(window).trigger('resize');\n\t\t\t\t\t\t},200);\n\t\t\t\t\t}\n\t\t\t\t});\n\t\t\t\t$(document).on('click','.ult_tab_li',function(){\n\t\t\t\t\t$(window).trigger('resize');\n\t\t\t\t\tsetTimeout(function(){\n\t\t\t\t\t\t$(window).trigger('resize');\n\t\t\t\t\t},200);\n\t\t\t\t});\n\t\t\t});\n\t\t\tfunction toggleBounce() {\n\t\t\t  if (marker_map_69ee6732b8d3a.getAnimation() != null) {\n\t\t\t\tmarker_map_69ee6732b8d3a.setAnimation(null);\n\t\t\t  } else {\n\t\t\t\tmarker_map_69ee6732b8d3a.setAnimation(google.maps.Animation.BOUNCE);\n\t\t\t  }\n\t\t\t}\n\t\t\t})(jQuery);\n\t\t\t<\/script>[\/vc_column][\/vc_row]<\/p>\n<\/div>","protected":false},"excerpt":{"rendered":"<p>&#8230;<\/p>\n","protected":false},"author":2,"featured_media":0,"parent":0,"menu_order":0,"comment_status":"closed","ping_status":"closed","template":"tpl-casara.php","meta":{"_seopress_robots_primary_cat":"","_seopress_titles_title":"","_seopress_titles_desc":"","_seopress_robots_index":"","footnotes":""},"class_list":["post-1667","page","type-page","status-publish","hentry"],"_links":{"self":[{"href":"https:\/\/www.gfaimmobiliare.it\/de\/wp-json\/wp\/v2\/pages\/1667","targetHints":{"allow":["GET"]}}],"collection":[{"href":"https:\/\/www.gfaimmobiliare.it\/de\/wp-json\/wp\/v2\/pages"}],"about":[{"href":"https:\/\/www.gfaimmobiliare.it\/de\/wp-json\/wp\/v2\/types\/page"}],"author":[{"embeddable":true,"href":"https:\/\/www.gfaimmobiliare.it\/de\/wp-json\/wp\/v2\/users\/2"}],"replies":[{"embeddable":true,"href":"https:\/\/www.gfaimmobiliare.it\/de\/wp-json\/wp\/v2\/comments?post=1667"}],"version-history":[{"count":1,"href":"https:\/\/www.gfaimmobiliare.it\/de\/wp-json\/wp\/v2\/pages\/1667\/revisions"}],"predecessor-version":[{"id":3431,"href":"https:\/\/www.gfaimmobiliare.it\/de\/wp-json\/wp\/v2\/pages\/1667\/revisions\/3431"}],"wp:attachment":[{"href":"https:\/\/www.gfaimmobiliare.it\/de\/wp-json\/wp\/v2\/media?parent=1667"}],"curies":[{"name":"wp","href":"https:\/\/api.w.org\/{rel}","templated":true}]}}